{"id":97,"date":"2019-10-28T14:46:34","date_gmt":"2019-10-28T14:46:34","guid":{"rendered":"http:\/\/lumiererosario.gob.ar\/web\/?post_type=mec-events&#038;p=97"},"modified":"2019-10-28T16:43:31","modified_gmt":"2019-10-28T16:43:31","slug":"el-amigo-aleman-der-deutsche-freund","status":"publish","type":"mec-events","link":"https:\/\/lumiererosario.gob.ar\/web\/agenda\/el-amigo-aleman-der-deutsche-freund\/","title":{"rendered":"El amigo alem\u00e1n (Der Deutsche Freund)"},"content":{"rendered":"<p>En noviembre, junto al Goethe-Institut Buenos Aires presentamos tres pel\u00edculas alemanas que abordan la tem\u00e1tica de la migraci\u00f3n desde diferentes perspectivas: la familia, la amistad y el amor.<\/p>\n<p>Drama | 104\u2019 | Alemania, 2011<br \/>\nDirecci\u00f3n: Jeanine Meerapfel<br \/>\nReparto: Max Riemelt, Celeste Cid.<\/p>\n<p>Sulamit es hija de una familia jud\u00eda que ha huido de la Alemania nazi. Crece en Buenos Aires, donde se enamora de Friedrich, el hijo de un funcionario nacionalsocialista que vive en la clandestinidad. Friedrich se va a estudiar a Fr\u00e1ncfort y Sulamit lo sigue, pero el amor de ambos parece estar destinado al fracaso por causas pol\u00edticas.<\/p>\n<p><iframe title=\"Trailer &quot;El amigo alem\u00e1n&quot; - HD\" width=\"900\" height=\"506\" src=\"https:\/\/www.youtube.com\/embed\/bBOJjHHyyDw?feature=oembed\" frameborder=\"0\" allow=\"accelerometer; autoplay; encrypted-media; gyroscope; picture-in-picture\" allowfullscreen><\/iframe><\/p>\n","protected":false},"excerpt":{"rendered":"<p>Sulamit es hija de una familia jud\u00eda que ha huido de la Alemania nazi. Crece en Buenos Aires, donde se enamora de Friedrich&#8230;<\/p>\n","protected":false},"author":2,"featured_media":44,"comment_status":"closed","ping_status":"closed","template":"","tags":[],"mec_category":[],"class_list":["post-97","mec-events","type-mec-events","status-publish","has-post-thumbnail","hentry"],"yoast_head":"<!-- This site is optimized with the Yoast SEO plugin v25.6 - https:\/\/yoast.com\/wordpress\/plugins\/seo\/ -->\n<title>El amigo alem\u00e1n (Der Deutsche Freund) - Centro Cultural Cine Lumi\u00e8re<\/title>\n<meta name=\"robots\" content=\"index, follow, max-snippet:-1, max-image-preview:large, max-video-preview:-1\" \/>\n<link rel=\"canonical\" href=\"https:\/\/lumiererosario.gob.ar\/web\/agenda\/el-amigo-aleman-der-deutsche-freund\/\" \/>\n<meta property=\"og:locale\" content=\"es_ES\" \/>\n<meta property=\"og:type\" content=\"article\" \/>\n<meta property=\"og:title\" content=\"El amigo alem\u00e1n (Der Deutsche Freund) - Centro Cultural Cine Lumi\u00e8re\" \/>\n<meta property=\"og:description\" content=\"Sulamit es hija de una familia jud\u00eda que ha huido de la Alemania nazi. Crece en Buenos Aires, donde se enamora de Friedrich...\" \/>\n<meta property=\"og:url\" content=\"https:\/\/lumiererosario.gob.ar\/web\/agenda\/el-amigo-aleman-der-deutsche-freund\/\" \/>\n<meta property=\"og:site_name\" content=\"Centro Cultural Cine Lumi\u00e8re\" \/>\n<meta property=\"article:publisher\" content=\"https:\/\/es-la.facebook.com\/CentroCulturalCineLumiere\/\" \/>\n<meta property=\"article:modified_time\" content=\"2019-10-28T16:43:31+00:00\" \/>\n<meta property=\"og:image\" content=\"https:\/\/lumiererosario.gob.ar\/web\/wp-content\/uploads\/2019\/10\/a_mi_amigo_aleman.jpg\" \/>\n\t<meta property=\"og:image:width\" content=\"845\" \/>\n\t<meta property=\"og:image:height\" content=\"710\" \/>\n\t<meta property=\"og:image:type\" content=\"image\/jpeg\" \/>\n<meta name=\"twitter:label1\" content=\"Tiempo de lectura\" \/>\n\t<meta name=\"twitter:data1\" content=\"1 minuto\" \/>\n<script type=\"application\/ld+json\" class=\"yoast-schema-graph\">{\"@context\":\"https:\/\/schema.org\",\"@graph\":[{\"@type\":\"WebPage\",\"@id\":\"https:\/\/lumiererosario.gob.ar\/web\/agenda\/el-amigo-aleman-der-deutsche-freund\/\",\"url\":\"https:\/\/lumiererosario.gob.ar\/web\/agenda\/el-amigo-aleman-der-deutsche-freund\/\",\"name\":\"El amigo alem\u00e1n (Der Deutsche Freund) - Centro Cultural Cine Lumi\u00e8re\",\"isPartOf\":{\"@id\":\"https:\/\/lumiererosario.gob.ar\/web\/#website\"},\"primaryImageOfPage\":{\"@id\":\"https:\/\/lumiererosario.gob.ar\/web\/agenda\/el-amigo-aleman-der-deutsche-freund\/#primaryimage\"},\"image\":{\"@id\":\"https:\/\/lumiererosario.gob.ar\/web\/agenda\/el-amigo-aleman-der-deutsche-freund\/#primaryimage\"},\"thumbnailUrl\":\"https:\/\/lumiererosario.gob.ar\/web\/wp-content\/uploads\/2019\/10\/a_mi_amigo_aleman.jpg\",\"datePublished\":\"2019-10-28T14:46:34+00:00\",\"dateModified\":\"2019-10-28T16:43:31+00:00\",\"breadcrumb\":{\"@id\":\"https:\/\/lumiererosario.gob.ar\/web\/agenda\/el-amigo-aleman-der-deutsche-freund\/#breadcrumb\"},\"inLanguage\":\"es\",\"potentialAction\":[{\"@type\":\"ReadAction\",\"target\":[\"https:\/\/lumiererosario.gob.ar\/web\/agenda\/el-amigo-aleman-der-deutsche-freund\/\"]}]},{\"@type\":\"ImageObject\",\"inLanguage\":\"es\",\"@id\":\"https:\/\/lumiererosario.gob.ar\/web\/agenda\/el-amigo-aleman-der-deutsche-freund\/#primaryimage\",\"url\":\"https:\/\/lumiererosario.gob.ar\/web\/wp-content\/uploads\/2019\/10\/a_mi_amigo_aleman.jpg\",\"contentUrl\":\"https:\/\/lumiererosario.gob.ar\/web\/wp-content\/uploads\/2019\/10\/a_mi_amigo_aleman.jpg\",\"width\":845,\"height\":710},{\"@type\":\"BreadcrumbList\",\"@id\":\"https:\/\/lumiererosario.gob.ar\/web\/agenda\/el-amigo-aleman-der-deutsche-freund\/#breadcrumb\",\"itemListElement\":[{\"@type\":\"ListItem\",\"position\":1,\"name\":\"Portada\",\"item\":\"https:\/\/lumiererosario.gob.ar\/web\/\"},{\"@type\":\"ListItem\",\"position\":2,\"name\":\"El amigo alem\u00e1n (Der Deutsche Freund)\"}]},{\"@type\":\"WebSite\",\"@id\":\"https:\/\/lumiererosario.gob.ar\/web\/#website\",\"url\":\"https:\/\/lumiererosario.gob.ar\/web\/\",\"name\":\"Centro Cultural Cine Lumi\u00e8re\",\"description\":\"Cine Lumi\u00e8re es el cine p\u00fablico de Municipalidad de Rosario\",\"publisher\":{\"@id\":\"https:\/\/lumiererosario.gob.ar\/web\/#organization\"},\"potentialAction\":[{\"@type\":\"SearchAction\",\"target\":{\"@type\":\"EntryPoint\",\"urlTemplate\":\"https:\/\/lumiererosario.gob.ar\/web\/?s={search_term_string}\"},\"query-input\":{\"@type\":\"PropertyValueSpecification\",\"valueRequired\":true,\"valueName\":\"search_term_string\"}}],\"inLanguage\":\"es\"},{\"@type\":\"Organization\",\"@id\":\"https:\/\/lumiererosario.gob.ar\/web\/#organization\",\"name\":\"Centro Cultural Cine Lumi\u00e8re\",\"url\":\"https:\/\/lumiererosario.gob.ar\/web\/\",\"logo\":{\"@type\":\"ImageObject\",\"inLanguage\":\"es\",\"@id\":\"https:\/\/lumiererosario.gob.ar\/web\/#\/schema\/logo\/image\/\",\"url\":\"https:\/\/lumiererosario.gob.ar\/web\/wp-content\/uploads\/2019\/10\/logo-lumiere.png\",\"contentUrl\":\"https:\/\/lumiererosario.gob.ar\/web\/wp-content\/uploads\/2019\/10\/logo-lumiere.png\",\"width\":350,\"height\":175,\"caption\":\"Centro Cultural Cine Lumi\u00e8re\"},\"image\":{\"@id\":\"https:\/\/lumiererosario.gob.ar\/web\/#\/schema\/logo\/image\/\"},\"sameAs\":[\"https:\/\/es-la.facebook.com\/CentroCulturalCineLumiere\/\",\"https:\/\/www.instagram.com\/cccinelumiere\/\",\"https:\/\/www.youtube.com\/channel\/UCuhG8G0hl5YdZz-j9xf2muQ\/videos\"]}]}<\/script>\n<!-- \/ Yoast SEO plugin. -->","yoast_head_json":{"title":"El amigo alem\u00e1n (Der Deutsche Freund) - Centro Cultural Cine Lumi\u00e8re","robots":{"index":"index","follow":"follow","max-snippet":"max-snippet:-1","max-image-preview":"max-image-preview:large","max-video-preview":"max-video-preview:-1"},"canonical":"https:\/\/lumiererosario.gob.ar\/web\/agenda\/el-amigo-aleman-der-deutsche-freund\/","og_locale":"es_ES","og_type":"article","og_title":"El amigo alem\u00e1n (Der Deutsche Freund) - Centro Cultural Cine Lumi\u00e8re","og_description":"Sulamit es hija de una familia jud\u00eda que ha huido de la Alemania nazi. Crece en Buenos Aires, donde se enamora de Friedrich...","og_url":"https:\/\/lumiererosario.gob.ar\/web\/agenda\/el-amigo-aleman-der-deutsche-freund\/","og_site_name":"Centro Cultural Cine Lumi\u00e8re","article_publisher":"https:\/\/es-la.facebook.com\/CentroCulturalCineLumiere\/","article_modified_time":"2019-10-28T16:43:31+00:00","og_image":[{"width":845,"height":710,"url":"https:\/\/lumiererosario.gob.ar\/web\/wp-content\/uploads\/2019\/10\/a_mi_amigo_aleman.jpg","type":"image\/jpeg"}],"twitter_misc":{"Tiempo de lectura":"1 minuto"},"schema":{"@context":"https:\/\/schema.org","@graph":[{"@type":"WebPage","@id":"https:\/\/lumiererosario.gob.ar\/web\/agenda\/el-amigo-aleman-der-deutsche-freund\/","url":"https:\/\/lumiererosario.gob.ar\/web\/agenda\/el-amigo-aleman-der-deutsche-freund\/","name":"El amigo alem\u00e1n (Der Deutsche Freund) - Centro Cultural Cine Lumi\u00e8re","isPartOf":{"@id":"https:\/\/lumiererosario.gob.ar\/web\/#website"},"primaryImageOfPage":{"@id":"https:\/\/lumiererosario.gob.ar\/web\/agenda\/el-amigo-aleman-der-deutsche-freund\/#primaryimage"},"image":{"@id":"https:\/\/lumiererosario.gob.ar\/web\/agenda\/el-amigo-aleman-der-deutsche-freund\/#primaryimage"},"thumbnailUrl":"https:\/\/lumiererosario.gob.ar\/web\/wp-content\/uploads\/2019\/10\/a_mi_amigo_aleman.jpg","datePublished":"2019-10-28T14:46:34+00:00","dateModified":"2019-10-28T16:43:31+00:00","breadcrumb":{"@id":"https:\/\/lumiererosario.gob.ar\/web\/agenda\/el-amigo-aleman-der-deutsche-freund\/#breadcrumb"},"inLanguage":"es","potentialAction":[{"@type":"ReadAction","target":["https:\/\/lumiererosario.gob.ar\/web\/agenda\/el-amigo-aleman-der-deutsche-freund\/"]}]},{"@type":"ImageObject","inLanguage":"es","@id":"https:\/\/lumiererosario.gob.ar\/web\/agenda\/el-amigo-aleman-der-deutsche-freund\/#primaryimage","url":"https:\/\/lumiererosario.gob.ar\/web\/wp-content\/uploads\/2019\/10\/a_mi_amigo_aleman.jpg","contentUrl":"https:\/\/lumiererosario.gob.ar\/web\/wp-content\/uploads\/2019\/10\/a_mi_amigo_aleman.jpg","width":845,"height":710},{"@type":"BreadcrumbList","@id":"https:\/\/lumiererosario.gob.ar\/web\/agenda\/el-amigo-aleman-der-deutsche-freund\/#breadcrumb","itemListElement":[{"@type":"ListItem","position":1,"name":"Portada","item":"https:\/\/lumiererosario.gob.ar\/web\/"},{"@type":"ListItem","position":2,"name":"El amigo alem\u00e1n (Der Deutsche Freund)"}]},{"@type":"WebSite","@id":"https:\/\/lumiererosario.gob.ar\/web\/#website","url":"https:\/\/lumiererosario.gob.ar\/web\/","name":"Centro Cultural Cine Lumi\u00e8re","description":"Cine Lumi\u00e8re es el cine p\u00fablico de Municipalidad de Rosario","publisher":{"@id":"https:\/\/lumiererosario.gob.ar\/web\/#organization"},"potentialAction":[{"@type":"SearchAction","target":{"@type":"EntryPoint","urlTemplate":"https:\/\/lumiererosario.gob.ar\/web\/?s={search_term_string}"},"query-input":{"@type":"PropertyValueSpecification","valueRequired":true,"valueName":"search_term_string"}}],"inLanguage":"es"},{"@type":"Organization","@id":"https:\/\/lumiererosario.gob.ar\/web\/#organization","name":"Centro Cultural Cine Lumi\u00e8re","url":"https:\/\/lumiererosario.gob.ar\/web\/","logo":{"@type":"ImageObject","inLanguage":"es","@id":"https:\/\/lumiererosario.gob.ar\/web\/#\/schema\/logo\/image\/","url":"https:\/\/lumiererosario.gob.ar\/web\/wp-content\/uploads\/2019\/10\/logo-lumiere.png","contentUrl":"https:\/\/lumiererosario.gob.ar\/web\/wp-content\/uploads\/2019\/10\/logo-lumiere.png","width":350,"height":175,"caption":"Centro Cultural Cine Lumi\u00e8re"},"image":{"@id":"https:\/\/lumiererosario.gob.ar\/web\/#\/schema\/logo\/image\/"},"sameAs":["https:\/\/es-la.facebook.com\/CentroCulturalCineLumiere\/","https:\/\/www.instagram.com\/cccinelumiere\/","https:\/\/www.youtube.com\/channel\/UCuhG8G0hl5YdZz-j9xf2muQ\/videos"]}]}},"_links":{"self":[{"href":"https:\/\/lumiererosario.gob.ar\/web\/wp-json\/wp\/v2\/mec-events\/97"}],"collection":[{"href":"https:\/\/lumiererosario.gob.ar\/web\/wp-json\/wp\/v2\/mec-events"}],"about":[{"href":"https:\/\/lumiererosario.gob.ar\/web\/wp-json\/wp\/v2\/types\/mec-events"}],"author":[{"embeddable":true,"href":"https:\/\/lumiererosario.gob.ar\/web\/wp-json\/wp\/v2\/users\/2"}],"replies":[{"embeddable":true,"href":"https:\/\/lumiererosario.gob.ar\/web\/wp-json\/wp\/v2\/comments?post=97"}],"wp:featuredmedia":[{"embeddable":true,"href":"https:\/\/lumiererosario.gob.ar\/web\/wp-json\/wp\/v2\/media\/44"}],"wp:attachment":[{"href":"https:\/\/lumiererosario.gob.ar\/web\/wp-json\/wp\/v2\/media?parent=97"}],"wp:term":[{"taxonomy":"post_tag","embeddable":true,"href":"https:\/\/lumiererosario.gob.ar\/web\/wp-json\/wp\/v2\/tags?post=97"},{"taxonomy":"mec_category","embeddable":true,"href":"https:\/\/lumiererosario.gob.ar\/web\/wp-json\/wp\/v2\/mec_category?post=97"}],"curies":[{"name":"wp","href":"https:\/\/api.w.org\/{rel}","templated":true}]}}