{"id":7890,"date":"2023-07-23T19:17:32","date_gmt":"2023-07-23T19:17:32","guid":{"rendered":"http:\/\/lumiererosario.gob.ar\/web\/?post_type=mec-events&#038;p=7890"},"modified":"2023-08-14T17:12:44","modified_gmt":"2023-08-14T17:12:44","slug":"clorindo-testa","status":"publish","type":"mec-events","link":"https:\/\/lumiererosario.gob.ar\/web\/agenda\/clorindo-testa\/","title":{"rendered":"BAFICI. CLORINDO TESTA"},"content":{"rendered":"<p>19\u00b0 BAFICI en Rosario \u2013 Buenos Aires Festival Internacional de Cine Independiente<\/p>\n<p>Argentina, 2022 | 100\u2019 | ATP<br \/>\nDirecci\u00f3n: Mariano Llin\u00e1s<\/p>\n<p><strong>[ Mejor largometraje COMPETENCIA OFICIAL ARGENTINA ] &#8211; Con la presencia de su director<\/strong><\/p>\n<p>Este film \u00bfes o no es sobre Clorindo Testa? Y, si no, \u00bfsobre qu\u00e9 es? Entre estas amenazas y otras a\u00fan peores navega esta peque\u00f1a, microsc\u00f3pica aventura cuyo subt\u00edtulo, robado al saboyano Xavier de Maistre, bien podr\u00eda ser Voyage autour de mon p\u00e8re.<\/p>\n<p><iframe title=\"YouTube video player\" src=\"https:\/\/www.youtube.com\/embed\/KyCfUsz7Ers\" width=\"100%\" height=\"315\" frameborder=\"0\" allowfullscreen=\"allowfullscreen\"><\/iframe><\/p>\n<p><em>\u00abClorindo Testa por Mariano Llin\u00e1s, Clorindo Testa por Julio Llin\u00e1s, Julio Llin\u00e1s por Mariano Llin\u00e1s. Y en ese arco (que tampoco es tal porque imponerle una linealidad ser\u00eda empezar a traicionarla) una pel\u00edcula que se reinventa, que se propone empresas para fracasar y volver a intentar, que se autoparodia y se escenifica m\u00e1s cerca o m\u00e1s lejos de ese terreno sinuoso que llamamos ficci\u00f3n, siempre hermano cercano de la vida. Que tambi\u00e9n sabe bajar las armas, asumir que no hay otro camino que meterse ah\u00ed, en el retrato familiar donde hoy se hace tanta farsa, para encontrar su verdad. Una visita a los hombres de un mundo que ya no existe, retratos imposibles, \u00e9picas a escala humana. Inteligencia y coraz\u00f3n, rara vez juntos, se dan la mano.\u00bb<\/em> Magdalena Arau<\/p>\n<h3>Mariano Llin\u00e1s<\/h3>\n<p>(1975, Buenos Aires, Argentina). Director de cine, miembro fundador de El Pampero Cine, productora de m\u00e1s de veinte pel\u00edculas, entre ellas, La flor (Bafici \u201818) y Concierto para la batalla de El Tala (Bafici \u201821). Vive y trabaja en San Telmo.<\/p>\n<p>ENTRADA GRATUITA. Boleter\u00eda abierta media hora antes de la funci\u00f3n.<\/p>\n","protected":false},"excerpt":{"rendered":"<p>19\u00b0 BAFICI en Rosario \u2013 Buenos Aires Festival Internacional de Cine Independiente Argentina, 2022 | 100\u2019 | ATP Direcci\u00f3n: Mariano Llin\u00e1s [ Mejor largometraje COMPETENCIA OFICIAL ARGENTINA ] &#8211; Con la presencia de su director Este film \u00bfes o no es sobre Clorindo Testa? Y, si no, \u00bfsobre qu\u00e9 es? Entre estas amenazas y otras [&hellip;]<\/p>\n","protected":false},"author":4,"featured_media":7891,"comment_status":"closed","ping_status":"closed","template":"","tags":[],"mec_category":[],"class_list":["post-7890","mec-events","type-mec-events","status-publish","has-post-thumbnail","hentry"],"yoast_head":"<!-- This site is optimized with the Yoast SEO plugin v25.6 - https:\/\/yoast.com\/wordpress\/plugins\/seo\/ -->\n<title>BAFICI. CLORINDO TESTA - Centro Cultural Cine Lumi\u00e8re<\/title>\n<meta name=\"robots\" content=\"index, follow, max-snippet:-1, max-image-preview:large, max-video-preview:-1\" \/>\n<link rel=\"canonical\" href=\"https:\/\/lumiererosario.gob.ar\/web\/agenda\/clorindo-testa\/\" \/>\n<meta property=\"og:locale\" content=\"es_ES\" \/>\n<meta property=\"og:type\" content=\"article\" \/>\n<meta property=\"og:title\" content=\"BAFICI. CLORINDO TESTA - Centro Cultural Cine Lumi\u00e8re\" \/>\n<meta property=\"og:description\" content=\"19\u00b0 BAFICI en Rosario \u2013 Buenos Aires Festival Internacional de Cine Independiente Argentina, 2022 | 100\u2019 | ATP Direcci\u00f3n: Mariano Llin\u00e1s [ Mejor largometraje COMPETENCIA OFICIAL ARGENTINA ] &#8211; Con la presencia de su director Este film \u00bfes o no es sobre Clorindo Testa? Y, si no, \u00bfsobre qu\u00e9 es? Entre estas amenazas y otras [&hellip;]\" \/>\n<meta property=\"og:url\" content=\"https:\/\/lumiererosario.gob.ar\/web\/agenda\/clorindo-testa\/\" \/>\n<meta property=\"og:site_name\" content=\"Centro Cultural Cine Lumi\u00e8re\" \/>\n<meta property=\"article:publisher\" content=\"https:\/\/es-la.facebook.com\/CentroCulturalCineLumiere\/\" \/>\n<meta property=\"article:modified_time\" content=\"2023-08-14T17:12:44+00:00\" \/>\n<meta property=\"og:image\" content=\"https:\/\/lumiererosario.gob.ar\/web\/wp-content\/uploads\/2023\/07\/clorindo-testa-el-pampero-cine.jpeg\" \/>\n\t<meta property=\"og:image:width\" content=\"1500\" \/>\n\t<meta property=\"og:image:height\" content=\"843\" \/>\n\t<meta property=\"og:image:type\" content=\"image\/jpeg\" \/>\n<meta name=\"twitter:label1\" content=\"Tiempo de lectura\" \/>\n\t<meta name=\"twitter:data1\" content=\"2 minutos\" \/>\n<script type=\"application\/ld+json\" class=\"yoast-schema-graph\">{\"@context\":\"https:\/\/schema.org\",\"@graph\":[{\"@type\":\"WebPage\",\"@id\":\"https:\/\/lumiererosario.gob.ar\/web\/agenda\/clorindo-testa\/\",\"url\":\"https:\/\/lumiererosario.gob.ar\/web\/agenda\/clorindo-testa\/\",\"name\":\"BAFICI. CLORINDO TESTA - Centro Cultural Cine Lumi\u00e8re\",\"isPartOf\":{\"@id\":\"https:\/\/lumiererosario.gob.ar\/web\/#website\"},\"primaryImageOfPage\":{\"@id\":\"https:\/\/lumiererosario.gob.ar\/web\/agenda\/clorindo-testa\/#primaryimage\"},\"image\":{\"@id\":\"https:\/\/lumiererosario.gob.ar\/web\/agenda\/clorindo-testa\/#primaryimage\"},\"thumbnailUrl\":\"https:\/\/lumiererosario.gob.ar\/web\/wp-content\/uploads\/2023\/07\/clorindo-testa-el-pampero-cine.jpeg\",\"datePublished\":\"2023-07-23T19:17:32+00:00\",\"dateModified\":\"2023-08-14T17:12:44+00:00\",\"breadcrumb\":{\"@id\":\"https:\/\/lumiererosario.gob.ar\/web\/agenda\/clorindo-testa\/#breadcrumb\"},\"inLanguage\":\"es\",\"potentialAction\":[{\"@type\":\"ReadAction\",\"target\":[\"https:\/\/lumiererosario.gob.ar\/web\/agenda\/clorindo-testa\/\"]}]},{\"@type\":\"ImageObject\",\"inLanguage\":\"es\",\"@id\":\"https:\/\/lumiererosario.gob.ar\/web\/agenda\/clorindo-testa\/#primaryimage\",\"url\":\"https:\/\/lumiererosario.gob.ar\/web\/wp-content\/uploads\/2023\/07\/clorindo-testa-el-pampero-cine.jpeg\",\"contentUrl\":\"https:\/\/lumiererosario.gob.ar\/web\/wp-content\/uploads\/2023\/07\/clorindo-testa-el-pampero-cine.jpeg\",\"width\":1500,\"height\":843},{\"@type\":\"BreadcrumbList\",\"@id\":\"https:\/\/lumiererosario.gob.ar\/web\/agenda\/clorindo-testa\/#breadcrumb\",\"itemListElement\":[{\"@type\":\"ListItem\",\"position\":1,\"name\":\"Portada\",\"item\":\"https:\/\/lumiererosario.gob.ar\/web\/\"},{\"@type\":\"ListItem\",\"position\":2,\"name\":\"BAFICI. CLORINDO TESTA\"}]},{\"@type\":\"WebSite\",\"@id\":\"https:\/\/lumiererosario.gob.ar\/web\/#website\",\"url\":\"https:\/\/lumiererosario.gob.ar\/web\/\",\"name\":\"Centro Cultural Cine Lumi\u00e8re\",\"description\":\"Cine Lumi\u00e8re es el cine p\u00fablico de Municipalidad de Rosario\",\"publisher\":{\"@id\":\"https:\/\/lumiererosario.gob.ar\/web\/#organization\"},\"potentialAction\":[{\"@type\":\"SearchAction\",\"target\":{\"@type\":\"EntryPoint\",\"urlTemplate\":\"https:\/\/lumiererosario.gob.ar\/web\/?s={search_term_string}\"},\"query-input\":{\"@type\":\"PropertyValueSpecification\",\"valueRequired\":true,\"valueName\":\"search_term_string\"}}],\"inLanguage\":\"es\"},{\"@type\":\"Organization\",\"@id\":\"https:\/\/lumiererosario.gob.ar\/web\/#organization\",\"name\":\"Centro Cultural Cine Lumi\u00e8re\",\"url\":\"https:\/\/lumiererosario.gob.ar\/web\/\",\"logo\":{\"@type\":\"ImageObject\",\"inLanguage\":\"es\",\"@id\":\"https:\/\/lumiererosario.gob.ar\/web\/#\/schema\/logo\/image\/\",\"url\":\"https:\/\/lumiererosario.gob.ar\/web\/wp-content\/uploads\/2019\/10\/logo-lumiere.png\",\"contentUrl\":\"https:\/\/lumiererosario.gob.ar\/web\/wp-content\/uploads\/2019\/10\/logo-lumiere.png\",\"width\":350,\"height\":175,\"caption\":\"Centro Cultural Cine Lumi\u00e8re\"},\"image\":{\"@id\":\"https:\/\/lumiererosario.gob.ar\/web\/#\/schema\/logo\/image\/\"},\"sameAs\":[\"https:\/\/es-la.facebook.com\/CentroCulturalCineLumiere\/\",\"https:\/\/www.instagram.com\/cccinelumiere\/\",\"https:\/\/www.youtube.com\/channel\/UCuhG8G0hl5YdZz-j9xf2muQ\/videos\"]}]}<\/script>\n<!-- \/ Yoast SEO plugin. -->","yoast_head_json":{"title":"BAFICI. CLORINDO TESTA - Centro Cultural Cine Lumi\u00e8re","robots":{"index":"index","follow":"follow","max-snippet":"max-snippet:-1","max-image-preview":"max-image-preview:large","max-video-preview":"max-video-preview:-1"},"canonical":"https:\/\/lumiererosario.gob.ar\/web\/agenda\/clorindo-testa\/","og_locale":"es_ES","og_type":"article","og_title":"BAFICI. CLORINDO TESTA - Centro Cultural Cine Lumi\u00e8re","og_description":"19\u00b0 BAFICI en Rosario \u2013 Buenos Aires Festival Internacional de Cine Independiente Argentina, 2022 | 100\u2019 | ATP Direcci\u00f3n: Mariano Llin\u00e1s [ Mejor largometraje COMPETENCIA OFICIAL ARGENTINA ] &#8211; Con la presencia de su director Este film \u00bfes o no es sobre Clorindo Testa? Y, si no, \u00bfsobre qu\u00e9 es? Entre estas amenazas y otras [&hellip;]","og_url":"https:\/\/lumiererosario.gob.ar\/web\/agenda\/clorindo-testa\/","og_site_name":"Centro Cultural Cine Lumi\u00e8re","article_publisher":"https:\/\/es-la.facebook.com\/CentroCulturalCineLumiere\/","article_modified_time":"2023-08-14T17:12:44+00:00","og_image":[{"width":1500,"height":843,"url":"https:\/\/lumiererosario.gob.ar\/web\/wp-content\/uploads\/2023\/07\/clorindo-testa-el-pampero-cine.jpeg","type":"image\/jpeg"}],"twitter_misc":{"Tiempo de lectura":"2 minutos"},"schema":{"@context":"https:\/\/schema.org","@graph":[{"@type":"WebPage","@id":"https:\/\/lumiererosario.gob.ar\/web\/agenda\/clorindo-testa\/","url":"https:\/\/lumiererosario.gob.ar\/web\/agenda\/clorindo-testa\/","name":"BAFICI. CLORINDO TESTA - Centro Cultural Cine Lumi\u00e8re","isPartOf":{"@id":"https:\/\/lumiererosario.gob.ar\/web\/#website"},"primaryImageOfPage":{"@id":"https:\/\/lumiererosario.gob.ar\/web\/agenda\/clorindo-testa\/#primaryimage"},"image":{"@id":"https:\/\/lumiererosario.gob.ar\/web\/agenda\/clorindo-testa\/#primaryimage"},"thumbnailUrl":"https:\/\/lumiererosario.gob.ar\/web\/wp-content\/uploads\/2023\/07\/clorindo-testa-el-pampero-cine.jpeg","datePublished":"2023-07-23T19:17:32+00:00","dateModified":"2023-08-14T17:12:44+00:00","breadcrumb":{"@id":"https:\/\/lumiererosario.gob.ar\/web\/agenda\/clorindo-testa\/#breadcrumb"},"inLanguage":"es","potentialAction":[{"@type":"ReadAction","target":["https:\/\/lumiererosario.gob.ar\/web\/agenda\/clorindo-testa\/"]}]},{"@type":"ImageObject","inLanguage":"es","@id":"https:\/\/lumiererosario.gob.ar\/web\/agenda\/clorindo-testa\/#primaryimage","url":"https:\/\/lumiererosario.gob.ar\/web\/wp-content\/uploads\/2023\/07\/clorindo-testa-el-pampero-cine.jpeg","contentUrl":"https:\/\/lumiererosario.gob.ar\/web\/wp-content\/uploads\/2023\/07\/clorindo-testa-el-pampero-cine.jpeg","width":1500,"height":843},{"@type":"BreadcrumbList","@id":"https:\/\/lumiererosario.gob.ar\/web\/agenda\/clorindo-testa\/#breadcrumb","itemListElement":[{"@type":"ListItem","position":1,"name":"Portada","item":"https:\/\/lumiererosario.gob.ar\/web\/"},{"@type":"ListItem","position":2,"name":"BAFICI. CLORINDO TESTA"}]},{"@type":"WebSite","@id":"https:\/\/lumiererosario.gob.ar\/web\/#website","url":"https:\/\/lumiererosario.gob.ar\/web\/","name":"Centro Cultural Cine Lumi\u00e8re","description":"Cine Lumi\u00e8re es el cine p\u00fablico de Municipalidad de Rosario","publisher":{"@id":"https:\/\/lumiererosario.gob.ar\/web\/#organization"},"potentialAction":[{"@type":"SearchAction","target":{"@type":"EntryPoint","urlTemplate":"https:\/\/lumiererosario.gob.ar\/web\/?s={search_term_string}"},"query-input":{"@type":"PropertyValueSpecification","valueRequired":true,"valueName":"search_term_string"}}],"inLanguage":"es"},{"@type":"Organization","@id":"https:\/\/lumiererosario.gob.ar\/web\/#organization","name":"Centro Cultural Cine Lumi\u00e8re","url":"https:\/\/lumiererosario.gob.ar\/web\/","logo":{"@type":"ImageObject","inLanguage":"es","@id":"https:\/\/lumiererosario.gob.ar\/web\/#\/schema\/logo\/image\/","url":"https:\/\/lumiererosario.gob.ar\/web\/wp-content\/uploads\/2019\/10\/logo-lumiere.png","contentUrl":"https:\/\/lumiererosario.gob.ar\/web\/wp-content\/uploads\/2019\/10\/logo-lumiere.png","width":350,"height":175,"caption":"Centro Cultural Cine Lumi\u00e8re"},"image":{"@id":"https:\/\/lumiererosario.gob.ar\/web\/#\/schema\/logo\/image\/"},"sameAs":["https:\/\/es-la.facebook.com\/CentroCulturalCineLumiere\/","https:\/\/www.instagram.com\/cccinelumiere\/","https:\/\/www.youtube.com\/channel\/UCuhG8G0hl5YdZz-j9xf2muQ\/videos"]}]}},"_links":{"self":[{"href":"https:\/\/lumiererosario.gob.ar\/web\/wp-json\/wp\/v2\/mec-events\/7890"}],"collection":[{"href":"https:\/\/lumiererosario.gob.ar\/web\/wp-json\/wp\/v2\/mec-events"}],"about":[{"href":"https:\/\/lumiererosario.gob.ar\/web\/wp-json\/wp\/v2\/types\/mec-events"}],"author":[{"embeddable":true,"href":"https:\/\/lumiererosario.gob.ar\/web\/wp-json\/wp\/v2\/users\/4"}],"replies":[{"embeddable":true,"href":"https:\/\/lumiererosario.gob.ar\/web\/wp-json\/wp\/v2\/comments?post=7890"}],"wp:featuredmedia":[{"embeddable":true,"href":"https:\/\/lumiererosario.gob.ar\/web\/wp-json\/wp\/v2\/media\/7891"}],"wp:attachment":[{"href":"https:\/\/lumiererosario.gob.ar\/web\/wp-json\/wp\/v2\/media?parent=7890"}],"wp:term":[{"taxonomy":"post_tag","embeddable":true,"href":"https:\/\/lumiererosario.gob.ar\/web\/wp-json\/wp\/v2\/tags?post=7890"},{"taxonomy":"mec_category","embeddable":true,"href":"https:\/\/lumiererosario.gob.ar\/web\/wp-json\/wp\/v2\/mec_category?post=7890"}],"curies":[{"name":"wp","href":"https:\/\/api.w.org\/{rel}","templated":true}]}}