{"id":2410,"date":"2022-04-04T11:59:55","date_gmt":"2022-04-04T11:59:55","guid":{"rendered":"http:\/\/lumiererosario.gob.ar\/web\/?post_type=mec-events&#038;p=2410"},"modified":"2022-04-04T11:59:55","modified_gmt":"2022-04-04T11:59:55","slug":"procura-se-irenice","status":"publish","type":"mec-events","link":"https:\/\/lumiererosario.gob.ar\/web\/agenda\/procura-se-irenice\/","title":{"rendered":"Procura-se Irenice"},"content":{"rendered":"<p>Documental | 25\u2019 | Brasil, 2016<br \/>\nDirecci\u00f3n: Marco Escriv\u00e3o e Thiago B. Mendon\u00e7a, Brasil<br \/>\nEs la b\u00fasqueda de un personaje, de una atleta olvidada. Huellas de alguien que, por no<br \/>\naceptar la sumisi\u00f3n, fue borrada de la historia. Los registros no fueron suficientes. Irenice. Maria Rodrigues, cr\u00edtica radical de la estructura deportiva brasile\u00f1a, plusmarquista<br \/>\ncontinental en una competencia prohibida para mujeres.<\/p>\n","protected":false},"excerpt":{"rendered":"<p>Documental | 25\u2019 | Brasil, 2016 Direcci\u00f3n: Marco Escriv\u00e3o e Thiago B. Mendon\u00e7a, Brasil Es la b\u00fasqueda de un personaje, de una atleta olvidada. Huellas de alguien que, por no aceptar la sumisi\u00f3n, fue borrada de la historia. Los registros no fueron suficientes. Irenice. Maria Rodrigues, cr\u00edtica radical de la estructura deportiva brasile\u00f1a, plusmarquista continental [&hellip;]<\/p>\n","protected":false},"author":4,"featured_media":2413,"comment_status":"closed","ping_status":"closed","template":"","tags":[16,178,175,18,30,41],"mec_category":[114],"class_list":["post-2410","mec-events","type-mec-events","status-publish","has-post-thumbnail","hentry","tag-cine","tag-cine-latinoamericano","tag-cine-y-deporte","tag-cultura","tag-documental","tag-rosario","mec_category-noticias"],"yoast_head":"<!-- This site is optimized with the Yoast SEO plugin v25.6 - https:\/\/yoast.com\/wordpress\/plugins\/seo\/ -->\n<title>Procura-se Irenice - Centro Cultural Cine Lumi\u00e8re<\/title>\n<meta name=\"robots\" content=\"index, follow, max-snippet:-1, max-image-preview:large, max-video-preview:-1\" \/>\n<link rel=\"canonical\" href=\"https:\/\/lumiererosario.gob.ar\/web\/agenda\/procura-se-irenice\/\" \/>\n<meta property=\"og:locale\" content=\"es_ES\" \/>\n<meta property=\"og:type\" content=\"article\" \/>\n<meta property=\"og:title\" content=\"Procura-se Irenice - Centro Cultural Cine Lumi\u00e8re\" \/>\n<meta property=\"og:description\" content=\"Documental | 25\u2019 | Brasil, 2016 Direcci\u00f3n: Marco Escriv\u00e3o e Thiago B. Mendon\u00e7a, Brasil Es la b\u00fasqueda de un personaje, de una atleta olvidada. Huellas de alguien que, por no aceptar la sumisi\u00f3n, fue borrada de la historia. Los registros no fueron suficientes. Irenice. Maria Rodrigues, cr\u00edtica radical de la estructura deportiva brasile\u00f1a, plusmarquista continental [&hellip;]\" \/>\n<meta property=\"og:url\" content=\"https:\/\/lumiererosario.gob.ar\/web\/agenda\/procura-se-irenice\/\" \/>\n<meta property=\"og:site_name\" content=\"Centro Cultural Cine Lumi\u00e8re\" \/>\n<meta property=\"article:publisher\" content=\"https:\/\/es-la.facebook.com\/CentroCulturalCineLumiere\/\" \/>\n<meta property=\"og:image\" content=\"https:\/\/lumiererosario.gob.ar\/web\/wp-content\/uploads\/2022\/04\/Irenice_still_01.jpeg\" \/>\n\t<meta property=\"og:image:width\" content=\"1920\" \/>\n\t<meta property=\"og:image:height\" content=\"1080\" \/>\n\t<meta property=\"og:image:type\" content=\"image\/jpeg\" \/>\n<script type=\"application\/ld+json\" class=\"yoast-schema-graph\">{\"@context\":\"https:\/\/schema.org\",\"@graph\":[{\"@type\":\"WebPage\",\"@id\":\"https:\/\/lumiererosario.gob.ar\/web\/agenda\/procura-se-irenice\/\",\"url\":\"https:\/\/lumiererosario.gob.ar\/web\/agenda\/procura-se-irenice\/\",\"name\":\"Procura-se Irenice - Centro Cultural Cine Lumi\u00e8re\",\"isPartOf\":{\"@id\":\"https:\/\/lumiererosario.gob.ar\/web\/#website\"},\"primaryImageOfPage\":{\"@id\":\"https:\/\/lumiererosario.gob.ar\/web\/agenda\/procura-se-irenice\/#primaryimage\"},\"image\":{\"@id\":\"https:\/\/lumiererosario.gob.ar\/web\/agenda\/procura-se-irenice\/#primaryimage\"},\"thumbnailUrl\":\"https:\/\/lumiererosario.gob.ar\/web\/wp-content\/uploads\/2022\/04\/Irenice_still_01.jpeg\",\"datePublished\":\"2022-04-04T11:59:55+00:00\",\"breadcrumb\":{\"@id\":\"https:\/\/lumiererosario.gob.ar\/web\/agenda\/procura-se-irenice\/#breadcrumb\"},\"inLanguage\":\"es\",\"potentialAction\":[{\"@type\":\"ReadAction\",\"target\":[\"https:\/\/lumiererosario.gob.ar\/web\/agenda\/procura-se-irenice\/\"]}]},{\"@type\":\"ImageObject\",\"inLanguage\":\"es\",\"@id\":\"https:\/\/lumiererosario.gob.ar\/web\/agenda\/procura-se-irenice\/#primaryimage\",\"url\":\"https:\/\/lumiererosario.gob.ar\/web\/wp-content\/uploads\/2022\/04\/Irenice_still_01.jpeg\",\"contentUrl\":\"https:\/\/lumiererosario.gob.ar\/web\/wp-content\/uploads\/2022\/04\/Irenice_still_01.jpeg\",\"width\":1920,\"height\":1080},{\"@type\":\"BreadcrumbList\",\"@id\":\"https:\/\/lumiererosario.gob.ar\/web\/agenda\/procura-se-irenice\/#breadcrumb\",\"itemListElement\":[{\"@type\":\"ListItem\",\"position\":1,\"name\":\"Portada\",\"item\":\"https:\/\/lumiererosario.gob.ar\/web\/\"},{\"@type\":\"ListItem\",\"position\":2,\"name\":\"Procura-se Irenice\"}]},{\"@type\":\"WebSite\",\"@id\":\"https:\/\/lumiererosario.gob.ar\/web\/#website\",\"url\":\"https:\/\/lumiererosario.gob.ar\/web\/\",\"name\":\"Centro Cultural Cine Lumi\u00e8re\",\"description\":\"Cine Lumi\u00e8re es el cine p\u00fablico de Municipalidad de Rosario\",\"publisher\":{\"@id\":\"https:\/\/lumiererosario.gob.ar\/web\/#organization\"},\"potentialAction\":[{\"@type\":\"SearchAction\",\"target\":{\"@type\":\"EntryPoint\",\"urlTemplate\":\"https:\/\/lumiererosario.gob.ar\/web\/?s={search_term_string}\"},\"query-input\":{\"@type\":\"PropertyValueSpecification\",\"valueRequired\":true,\"valueName\":\"search_term_string\"}}],\"inLanguage\":\"es\"},{\"@type\":\"Organization\",\"@id\":\"https:\/\/lumiererosario.gob.ar\/web\/#organization\",\"name\":\"Centro Cultural Cine Lumi\u00e8re\",\"url\":\"https:\/\/lumiererosario.gob.ar\/web\/\",\"logo\":{\"@type\":\"ImageObject\",\"inLanguage\":\"es\",\"@id\":\"https:\/\/lumiererosario.gob.ar\/web\/#\/schema\/logo\/image\/\",\"url\":\"https:\/\/lumiererosario.gob.ar\/web\/wp-content\/uploads\/2019\/10\/logo-lumiere.png\",\"contentUrl\":\"https:\/\/lumiererosario.gob.ar\/web\/wp-content\/uploads\/2019\/10\/logo-lumiere.png\",\"width\":350,\"height\":175,\"caption\":\"Centro Cultural Cine Lumi\u00e8re\"},\"image\":{\"@id\":\"https:\/\/lumiererosario.gob.ar\/web\/#\/schema\/logo\/image\/\"},\"sameAs\":[\"https:\/\/es-la.facebook.com\/CentroCulturalCineLumiere\/\",\"https:\/\/www.instagram.com\/cccinelumiere\/\",\"https:\/\/www.youtube.com\/channel\/UCuhG8G0hl5YdZz-j9xf2muQ\/videos\"]}]}<\/script>\n<!-- \/ Yoast SEO plugin. -->","yoast_head_json":{"title":"Procura-se Irenice - Centro Cultural Cine Lumi\u00e8re","robots":{"index":"index","follow":"follow","max-snippet":"max-snippet:-1","max-image-preview":"max-image-preview:large","max-video-preview":"max-video-preview:-1"},"canonical":"https:\/\/lumiererosario.gob.ar\/web\/agenda\/procura-se-irenice\/","og_locale":"es_ES","og_type":"article","og_title":"Procura-se Irenice - Centro Cultural Cine Lumi\u00e8re","og_description":"Documental | 25\u2019 | Brasil, 2016 Direcci\u00f3n: Marco Escriv\u00e3o e Thiago B. Mendon\u00e7a, Brasil Es la b\u00fasqueda de un personaje, de una atleta olvidada. Huellas de alguien que, por no aceptar la sumisi\u00f3n, fue borrada de la historia. Los registros no fueron suficientes. Irenice. Maria Rodrigues, cr\u00edtica radical de la estructura deportiva brasile\u00f1a, plusmarquista continental [&hellip;]","og_url":"https:\/\/lumiererosario.gob.ar\/web\/agenda\/procura-se-irenice\/","og_site_name":"Centro Cultural Cine Lumi\u00e8re","article_publisher":"https:\/\/es-la.facebook.com\/CentroCulturalCineLumiere\/","og_image":[{"width":1920,"height":1080,"url":"https:\/\/lumiererosario.gob.ar\/web\/wp-content\/uploads\/2022\/04\/Irenice_still_01.jpeg","type":"image\/jpeg"}],"schema":{"@context":"https:\/\/schema.org","@graph":[{"@type":"WebPage","@id":"https:\/\/lumiererosario.gob.ar\/web\/agenda\/procura-se-irenice\/","url":"https:\/\/lumiererosario.gob.ar\/web\/agenda\/procura-se-irenice\/","name":"Procura-se Irenice - Centro Cultural Cine Lumi\u00e8re","isPartOf":{"@id":"https:\/\/lumiererosario.gob.ar\/web\/#website"},"primaryImageOfPage":{"@id":"https:\/\/lumiererosario.gob.ar\/web\/agenda\/procura-se-irenice\/#primaryimage"},"image":{"@id":"https:\/\/lumiererosario.gob.ar\/web\/agenda\/procura-se-irenice\/#primaryimage"},"thumbnailUrl":"https:\/\/lumiererosario.gob.ar\/web\/wp-content\/uploads\/2022\/04\/Irenice_still_01.jpeg","datePublished":"2022-04-04T11:59:55+00:00","breadcrumb":{"@id":"https:\/\/lumiererosario.gob.ar\/web\/agenda\/procura-se-irenice\/#breadcrumb"},"inLanguage":"es","potentialAction":[{"@type":"ReadAction","target":["https:\/\/lumiererosario.gob.ar\/web\/agenda\/procura-se-irenice\/"]}]},{"@type":"ImageObject","inLanguage":"es","@id":"https:\/\/lumiererosario.gob.ar\/web\/agenda\/procura-se-irenice\/#primaryimage","url":"https:\/\/lumiererosario.gob.ar\/web\/wp-content\/uploads\/2022\/04\/Irenice_still_01.jpeg","contentUrl":"https:\/\/lumiererosario.gob.ar\/web\/wp-content\/uploads\/2022\/04\/Irenice_still_01.jpeg","width":1920,"height":1080},{"@type":"BreadcrumbList","@id":"https:\/\/lumiererosario.gob.ar\/web\/agenda\/procura-se-irenice\/#breadcrumb","itemListElement":[{"@type":"ListItem","position":1,"name":"Portada","item":"https:\/\/lumiererosario.gob.ar\/web\/"},{"@type":"ListItem","position":2,"name":"Procura-se Irenice"}]},{"@type":"WebSite","@id":"https:\/\/lumiererosario.gob.ar\/web\/#website","url":"https:\/\/lumiererosario.gob.ar\/web\/","name":"Centro Cultural Cine Lumi\u00e8re","description":"Cine Lumi\u00e8re es el cine p\u00fablico de Municipalidad de Rosario","publisher":{"@id":"https:\/\/lumiererosario.gob.ar\/web\/#organization"},"potentialAction":[{"@type":"SearchAction","target":{"@type":"EntryPoint","urlTemplate":"https:\/\/lumiererosario.gob.ar\/web\/?s={search_term_string}"},"query-input":{"@type":"PropertyValueSpecification","valueRequired":true,"valueName":"search_term_string"}}],"inLanguage":"es"},{"@type":"Organization","@id":"https:\/\/lumiererosario.gob.ar\/web\/#organization","name":"Centro Cultural Cine Lumi\u00e8re","url":"https:\/\/lumiererosario.gob.ar\/web\/","logo":{"@type":"ImageObject","inLanguage":"es","@id":"https:\/\/lumiererosario.gob.ar\/web\/#\/schema\/logo\/image\/","url":"https:\/\/lumiererosario.gob.ar\/web\/wp-content\/uploads\/2019\/10\/logo-lumiere.png","contentUrl":"https:\/\/lumiererosario.gob.ar\/web\/wp-content\/uploads\/2019\/10\/logo-lumiere.png","width":350,"height":175,"caption":"Centro Cultural Cine Lumi\u00e8re"},"image":{"@id":"https:\/\/lumiererosario.gob.ar\/web\/#\/schema\/logo\/image\/"},"sameAs":["https:\/\/es-la.facebook.com\/CentroCulturalCineLumiere\/","https:\/\/www.instagram.com\/cccinelumiere\/","https:\/\/www.youtube.com\/channel\/UCuhG8G0hl5YdZz-j9xf2muQ\/videos"]}]}},"_links":{"self":[{"href":"https:\/\/lumiererosario.gob.ar\/web\/wp-json\/wp\/v2\/mec-events\/2410"}],"collection":[{"href":"https:\/\/lumiererosario.gob.ar\/web\/wp-json\/wp\/v2\/mec-events"}],"about":[{"href":"https:\/\/lumiererosario.gob.ar\/web\/wp-json\/wp\/v2\/types\/mec-events"}],"author":[{"embeddable":true,"href":"https:\/\/lumiererosario.gob.ar\/web\/wp-json\/wp\/v2\/users\/4"}],"replies":[{"embeddable":true,"href":"https:\/\/lumiererosario.gob.ar\/web\/wp-json\/wp\/v2\/comments?post=2410"}],"wp:featuredmedia":[{"embeddable":true,"href":"https:\/\/lumiererosario.gob.ar\/web\/wp-json\/wp\/v2\/media\/2413"}],"wp:attachment":[{"href":"https:\/\/lumiererosario.gob.ar\/web\/wp-json\/wp\/v2\/media?parent=2410"}],"wp:term":[{"taxonomy":"post_tag","embeddable":true,"href":"https:\/\/lumiererosario.gob.ar\/web\/wp-json\/wp\/v2\/tags?post=2410"},{"taxonomy":"mec_category","embeddable":true,"href":"https:\/\/lumiererosario.gob.ar\/web\/wp-json\/wp\/v2\/mec_category?post=2410"}],"curies":[{"name":"wp","href":"https:\/\/api.w.org\/{rel}","templated":true}]}}