{"id":13442,"date":"2026-08-31T12:10:16","date_gmt":"2026-08-31T15:10:16","guid":{"rendered":"https:\/\/lumiererosario.gob.ar\/web\/?post_type=mec-events&#038;p=13442"},"modified":"2026-08-31T12:10:16","modified_gmt":"2026-08-31T15:10:16","slug":"cabeza-de-raton-nos-vemos-en-el-cine","status":"publish","type":"mec-events","link":"https:\/\/lumiererosario.gob.ar\/web\/agenda\/cabeza-de-raton-nos-vemos-en-el-cine\/","title":{"rendered":"Cabeza de Rat\u00f3n: Nos vemos en el Cine"},"content":{"rendered":"<p><strong>ESTRENO<\/strong><br \/>\nAnimaci\u00f3n | Argentina | 2026 | 50 min. | G<br \/>\nRealizaci\u00f3n: Escuela para Animadores<br \/>\nProducci\u00f3n: Punto Audiovisual | Cine Lumi\u00e8re<\/p>\n<p>En la 14\u00b0 temporada, Cabeza de Rat\u00f3n y Poyo, los protagonistas de la historia, descubren la magia de ver pel\u00edculas en una sala de cine. Una realizaci\u00f3n de la Escuela para Animadores que desde 2008 difunde las producciones de egresadas y egresados, con emisiones en RTS.<\/p>\n<p>ENTRADA GRATUITA<br \/>\nBoleter\u00eda abierta 30min antes de cada funci\u00f3n<\/p>\n<p>Sala climatizada<br \/>\nCine Lumi\u00e8re | V\u00e9lez Sarsfield 1027<\/p>\n","protected":false},"excerpt":{"rendered":"<p>ESTRENO Animaci\u00f3n | Argentina | 2026 | 50 min. | G Realizaci\u00f3n: Escuela para Animadores Producci\u00f3n: Punto Audiovisual | Cine Lumi\u00e8re En la 14\u00b0 temporada, Cabeza de Rat\u00f3n y Poyo, los protagonistas de la historia, descubren la magia de ver pel\u00edculas en una sala de cine. Una realizaci\u00f3n de la Escuela para Animadores que desde [&hellip;]<\/p>\n","protected":false},"author":4,"featured_media":13443,"comment_status":"closed","ping_status":"closed","template":"","tags":[],"mec_category":[],"class_list":["post-13442","mec-events","type-mec-events","status-publish","has-post-thumbnail","hentry"],"yoast_head":"<!-- This site is optimized with the Yoast SEO plugin v28.4 - https:\/\/yoast.com\/product\/yoast-seo-wordpress\/ -->\n<title>Cabeza de Rat\u00f3n: Nos vemos en el Cine - Centro Cultural Cine Lumi\u00e8re<\/title>\n<meta name=\"robots\" content=\"index, follow, max-snippet:-1, max-image-preview:large, max-video-preview:-1\" \/>\n<link rel=\"canonical\" href=\"https:\/\/lumiererosario.gob.ar\/web\/agenda\/cabeza-de-raton-nos-vemos-en-el-cine\/\" \/>\n<meta property=\"og:locale\" content=\"es_ES\" \/>\n<meta property=\"og:type\" content=\"article\" \/>\n<meta property=\"og:title\" content=\"Cabeza de Rat\u00f3n: Nos vemos en el Cine - Centro Cultural Cine Lumi\u00e8re\" \/>\n<meta property=\"og:description\" content=\"ESTRENO Animaci\u00f3n | Argentina | 2026 | 50 min. | G Realizaci\u00f3n: Escuela para Animadores Producci\u00f3n: Punto Audiovisual | Cine Lumi\u00e8re En la 14\u00b0 temporada, Cabeza de Rat\u00f3n y Poyo, los protagonistas de la historia, descubren la magia de ver pel\u00edculas en una sala de cine. Una realizaci\u00f3n de la Escuela para Animadores que desde [&hellip;]\" \/>\n<meta property=\"og:url\" content=\"https:\/\/lumiererosario.gob.ar\/web\/agenda\/cabeza-de-raton-nos-vemos-en-el-cine\/\" \/>\n<meta property=\"og:site_name\" content=\"Centro Cultural Cine Lumi\u00e8re\" \/>\n<meta property=\"article:publisher\" content=\"https:\/\/es-la.facebook.com\/CentroCulturalCineLumiere\/\" \/>\n<meta property=\"og:image\" content=\"https:\/\/lumiererosario.gob.ar\/web\/wp-content\/uploads\/2026\/08\/cabeza-de-raton.jpg\" \/>\n\t<meta property=\"og:image:width\" content=\"900\" \/>\n\t<meta property=\"og:image:height\" content=\"600\" \/>\n\t<meta property=\"og:image:type\" content=\"image\/jpeg\" \/>\n<meta name=\"twitter:label1\" content=\"Tiempo de lectura\" \/>\n\t<meta name=\"twitter:data1\" content=\"1 minuto\" \/>\n<script type=\"application\/ld+json\" class=\"yoast-schema-graph\">{\"@context\":\"https:\\\/\\\/schema.org\",\"@graph\":[{\"@type\":\"WebPage\",\"@id\":\"https:\\\/\\\/lumiererosario.gob.ar\\\/web\\\/agenda\\\/cabeza-de-raton-nos-vemos-en-el-cine\\\/\",\"url\":\"https:\\\/\\\/lumiererosario.gob.ar\\\/web\\\/agenda\\\/cabeza-de-raton-nos-vemos-en-el-cine\\\/\",\"name\":\"Cabeza de Rat\u00f3n: Nos vemos en el Cine - Centro Cultural Cine Lumi\u00e8re\",\"isPartOf\":{\"@id\":\"https:\\\/\\\/lumiererosario.gob.ar\\\/web\\\/#website\"},\"primaryImageOfPage\":{\"@id\":\"https:\\\/\\\/lumiererosario.gob.ar\\\/web\\\/agenda\\\/cabeza-de-raton-nos-vemos-en-el-cine\\\/#primaryimage\"},\"image\":{\"@id\":\"https:\\\/\\\/lumiererosario.gob.ar\\\/web\\\/agenda\\\/cabeza-de-raton-nos-vemos-en-el-cine\\\/#primaryimage\"},\"thumbnailUrl\":\"https:\\\/\\\/lumiererosario.gob.ar\\\/web\\\/wp-content\\\/uploads\\\/2026\\\/08\\\/cabeza-de-raton.jpg\",\"datePublished\":\"2026-08-31T15:10:16+00:00\",\"breadcrumb\":{\"@id\":\"https:\\\/\\\/lumiererosario.gob.ar\\\/web\\\/agenda\\\/cabeza-de-raton-nos-vemos-en-el-cine\\\/#breadcrumb\"},\"inLanguage\":\"es\",\"potentialAction\":[{\"@type\":\"ReadAction\",\"target\":[\"https:\\\/\\\/lumiererosario.gob.ar\\\/web\\\/agenda\\\/cabeza-de-raton-nos-vemos-en-el-cine\\\/\"]}]},{\"@type\":\"ImageObject\",\"inLanguage\":\"es\",\"@id\":\"https:\\\/\\\/lumiererosario.gob.ar\\\/web\\\/agenda\\\/cabeza-de-raton-nos-vemos-en-el-cine\\\/#primaryimage\",\"url\":\"https:\\\/\\\/lumiererosario.gob.ar\\\/web\\\/wp-content\\\/uploads\\\/2026\\\/08\\\/cabeza-de-raton.jpg\",\"contentUrl\":\"https:\\\/\\\/lumiererosario.gob.ar\\\/web\\\/wp-content\\\/uploads\\\/2026\\\/08\\\/cabeza-de-raton.jpg\",\"width\":900,\"height\":600},{\"@type\":\"BreadcrumbList\",\"@id\":\"https:\\\/\\\/lumiererosario.gob.ar\\\/web\\\/agenda\\\/cabeza-de-raton-nos-vemos-en-el-cine\\\/#breadcrumb\",\"itemListElement\":[{\"@type\":\"ListItem\",\"position\":1,\"name\":\"Portada\",\"item\":\"https:\\\/\\\/lumiererosario.gob.ar\\\/web\\\/\"},{\"@type\":\"ListItem\",\"position\":2,\"name\":\"Cabeza de Rat\u00f3n: Nos vemos en el Cine\"}]},{\"@type\":\"WebSite\",\"@id\":\"https:\\\/\\\/lumiererosario.gob.ar\\\/web\\\/#website\",\"url\":\"https:\\\/\\\/lumiererosario.gob.ar\\\/web\\\/\",\"name\":\"Centro Cultural Cine Lumi\u00e8re\",\"description\":\"Cine Lumi\u00e8re es el cine p\u00fablico de Municipalidad de Rosario\",\"publisher\":{\"@id\":\"https:\\\/\\\/lumiererosario.gob.ar\\\/web\\\/#organization\"},\"potentialAction\":[{\"@type\":\"SearchAction\",\"target\":{\"@type\":\"EntryPoint\",\"urlTemplate\":\"https:\\\/\\\/lumiererosario.gob.ar\\\/web\\\/?s={search_term_string}\"},\"query-input\":{\"@type\":\"PropertyValueSpecification\",\"valueRequired\":true,\"valueName\":\"search_term_string\"}}],\"inLanguage\":\"es\"},{\"@type\":\"Organization\",\"@id\":\"https:\\\/\\\/lumiererosario.gob.ar\\\/web\\\/#organization\",\"name\":\"Centro Cultural Cine Lumi\u00e8re\",\"url\":\"https:\\\/\\\/lumiererosario.gob.ar\\\/web\\\/\",\"logo\":{\"@type\":\"ImageObject\",\"inLanguage\":\"es\",\"@id\":\"https:\\\/\\\/lumiererosario.gob.ar\\\/web\\\/#\\\/schema\\\/logo\\\/image\\\/\",\"url\":\"https:\\\/\\\/lumiererosario.gob.ar\\\/web\\\/wp-content\\\/uploads\\\/2019\\\/10\\\/logo-lumiere.png\",\"contentUrl\":\"https:\\\/\\\/lumiererosario.gob.ar\\\/web\\\/wp-content\\\/uploads\\\/2019\\\/10\\\/logo-lumiere.png\",\"width\":350,\"height\":175,\"caption\":\"Centro Cultural Cine Lumi\u00e8re\"},\"image\":{\"@id\":\"https:\\\/\\\/lumiererosario.gob.ar\\\/web\\\/#\\\/schema\\\/logo\\\/image\\\/\"},\"sameAs\":[\"https:\\\/\\\/es-la.facebook.com\\\/CentroCulturalCineLumiere\\\/\",\"https:\\\/\\\/www.instagram.com\\\/cccinelumiere\\\/\",\"https:\\\/\\\/www.youtube.com\\\/channel\\\/UCuhG8G0hl5YdZz-j9xf2muQ\\\/videos\"]}]}<\/script>\n<!-- \/ Yoast SEO plugin. -->","yoast_head_json":{"title":"Cabeza de Rat\u00f3n: Nos vemos en el Cine - Centro Cultural Cine Lumi\u00e8re","robots":{"index":"index","follow":"follow","max-snippet":"max-snippet:-1","max-image-preview":"max-image-preview:large","max-video-preview":"max-video-preview:-1"},"canonical":"https:\/\/lumiererosario.gob.ar\/web\/agenda\/cabeza-de-raton-nos-vemos-en-el-cine\/","og_locale":"es_ES","og_type":"article","og_title":"Cabeza de Rat\u00f3n: Nos vemos en el Cine - Centro Cultural Cine Lumi\u00e8re","og_description":"ESTRENO Animaci\u00f3n | Argentina | 2026 | 50 min. | G Realizaci\u00f3n: Escuela para Animadores Producci\u00f3n: Punto Audiovisual | Cine Lumi\u00e8re En la 14\u00b0 temporada, Cabeza de Rat\u00f3n y Poyo, los protagonistas de la historia, descubren la magia de ver pel\u00edculas en una sala de cine. Una realizaci\u00f3n de la Escuela para Animadores que desde [&hellip;]","og_url":"https:\/\/lumiererosario.gob.ar\/web\/agenda\/cabeza-de-raton-nos-vemos-en-el-cine\/","og_site_name":"Centro Cultural Cine Lumi\u00e8re","article_publisher":"https:\/\/es-la.facebook.com\/CentroCulturalCineLumiere\/","og_image":[{"width":900,"height":600,"url":"https:\/\/lumiererosario.gob.ar\/web\/wp-content\/uploads\/2026\/08\/cabeza-de-raton.jpg","type":"image\/jpeg"}],"twitter_misc":{"Tiempo de lectura":"1 minuto"},"schema":{"@context":"https:\/\/schema.org","@graph":[{"@type":"WebPage","@id":"https:\/\/lumiererosario.gob.ar\/web\/agenda\/cabeza-de-raton-nos-vemos-en-el-cine\/","url":"https:\/\/lumiererosario.gob.ar\/web\/agenda\/cabeza-de-raton-nos-vemos-en-el-cine\/","name":"Cabeza de Rat\u00f3n: Nos vemos en el Cine - Centro Cultural Cine Lumi\u00e8re","isPartOf":{"@id":"https:\/\/lumiererosario.gob.ar\/web\/#website"},"primaryImageOfPage":{"@id":"https:\/\/lumiererosario.gob.ar\/web\/agenda\/cabeza-de-raton-nos-vemos-en-el-cine\/#primaryimage"},"image":{"@id":"https:\/\/lumiererosario.gob.ar\/web\/agenda\/cabeza-de-raton-nos-vemos-en-el-cine\/#primaryimage"},"thumbnailUrl":"https:\/\/lumiererosario.gob.ar\/web\/wp-content\/uploads\/2026\/08\/cabeza-de-raton.jpg","datePublished":"2026-08-31T15:10:16+00:00","breadcrumb":{"@id":"https:\/\/lumiererosario.gob.ar\/web\/agenda\/cabeza-de-raton-nos-vemos-en-el-cine\/#breadcrumb"},"inLanguage":"es","potentialAction":[{"@type":"ReadAction","target":["https:\/\/lumiererosario.gob.ar\/web\/agenda\/cabeza-de-raton-nos-vemos-en-el-cine\/"]}]},{"@type":"ImageObject","inLanguage":"es","@id":"https:\/\/lumiererosario.gob.ar\/web\/agenda\/cabeza-de-raton-nos-vemos-en-el-cine\/#primaryimage","url":"https:\/\/lumiererosario.gob.ar\/web\/wp-content\/uploads\/2026\/08\/cabeza-de-raton.jpg","contentUrl":"https:\/\/lumiererosario.gob.ar\/web\/wp-content\/uploads\/2026\/08\/cabeza-de-raton.jpg","width":900,"height":600},{"@type":"BreadcrumbList","@id":"https:\/\/lumiererosario.gob.ar\/web\/agenda\/cabeza-de-raton-nos-vemos-en-el-cine\/#breadcrumb","itemListElement":[{"@type":"ListItem","position":1,"name":"Portada","item":"https:\/\/lumiererosario.gob.ar\/web\/"},{"@type":"ListItem","position":2,"name":"Cabeza de Rat\u00f3n: Nos vemos en el Cine"}]},{"@type":"WebSite","@id":"https:\/\/lumiererosario.gob.ar\/web\/#website","url":"https:\/\/lumiererosario.gob.ar\/web\/","name":"Centro Cultural Cine Lumi\u00e8re","description":"Cine Lumi\u00e8re es el cine p\u00fablico de Municipalidad de Rosario","publisher":{"@id":"https:\/\/lumiererosario.gob.ar\/web\/#organization"},"potentialAction":[{"@type":"SearchAction","target":{"@type":"EntryPoint","urlTemplate":"https:\/\/lumiererosario.gob.ar\/web\/?s={search_term_string}"},"query-input":{"@type":"PropertyValueSpecification","valueRequired":true,"valueName":"search_term_string"}}],"inLanguage":"es"},{"@type":"Organization","@id":"https:\/\/lumiererosario.gob.ar\/web\/#organization","name":"Centro Cultural Cine Lumi\u00e8re","url":"https:\/\/lumiererosario.gob.ar\/web\/","logo":{"@type":"ImageObject","inLanguage":"es","@id":"https:\/\/lumiererosario.gob.ar\/web\/#\/schema\/logo\/image\/","url":"https:\/\/lumiererosario.gob.ar\/web\/wp-content\/uploads\/2019\/10\/logo-lumiere.png","contentUrl":"https:\/\/lumiererosario.gob.ar\/web\/wp-content\/uploads\/2019\/10\/logo-lumiere.png","width":350,"height":175,"caption":"Centro Cultural Cine Lumi\u00e8re"},"image":{"@id":"https:\/\/lumiererosario.gob.ar\/web\/#\/schema\/logo\/image\/"},"sameAs":["https:\/\/es-la.facebook.com\/CentroCulturalCineLumiere\/","https:\/\/www.instagram.com\/cccinelumiere\/","https:\/\/www.youtube.com\/channel\/UCuhG8G0hl5YdZz-j9xf2muQ\/videos"]}]}},"_links":{"self":[{"href":"https:\/\/lumiererosario.gob.ar\/web\/wp-json\/wp\/v2\/mec-events\/13442","targetHints":{"allow":["GET"]}}],"collection":[{"href":"https:\/\/lumiererosario.gob.ar\/web\/wp-json\/wp\/v2\/mec-events"}],"about":[{"href":"https:\/\/lumiererosario.gob.ar\/web\/wp-json\/wp\/v2\/types\/mec-events"}],"author":[{"embeddable":true,"href":"https:\/\/lumiererosario.gob.ar\/web\/wp-json\/wp\/v2\/users\/4"}],"replies":[{"embeddable":true,"href":"https:\/\/lumiererosario.gob.ar\/web\/wp-json\/wp\/v2\/comments?post=13442"}],"wp:featuredmedia":[{"embeddable":true,"href":"https:\/\/lumiererosario.gob.ar\/web\/wp-json\/wp\/v2\/media\/13443"}],"wp:attachment":[{"href":"https:\/\/lumiererosario.gob.ar\/web\/wp-json\/wp\/v2\/media?parent=13442"}],"wp:term":[{"taxonomy":"post_tag","embeddable":true,"href":"https:\/\/lumiererosario.gob.ar\/web\/wp-json\/wp\/v2\/tags?post=13442"},{"taxonomy":"mec_category","embeddable":true,"href":"https:\/\/lumiererosario.gob.ar\/web\/wp-json\/wp\/v2\/mec_category?post=13442"}],"curies":[{"name":"wp","href":"https:\/\/api.w.org\/{rel}","templated":true}]}}