{"id":13435,"date":"2026-08-31T12:04:20","date_gmt":"2026-08-31T15:04:20","guid":{"rendered":"https:\/\/lumiererosario.gob.ar\/web\/?post_type=mec-events&#038;p=13435"},"modified":"2026-08-31T12:04:20","modified_gmt":"2026-08-31T15:04:20","slug":"as-bestas","status":"publish","type":"mec-events","link":"https:\/\/lumiererosario.gob.ar\/web\/agenda\/as-bestas\/","title":{"rendered":"As Bestas"},"content":{"rendered":"<p>Drama. Thriller | Espa\u00f1a | 2022 | 137 min. | R-13<br \/>\nDirecci\u00f3n: Rodrigo Sorogoyen<\/p>\n<p>Antoine y Olga son una pareja francesa que se instal\u00f3 hace tiempo en una aldea del interior de Galicia. All\u00ed llevan una vida tranquila, aunque su convivencia con los lugare\u00f1os no es tan id\u00edlica como desear\u00edan. Un conflicto con sus vecinos, los hermanos Anta, har\u00e1 que la tensi\u00f3n crezca en la aldea hasta alcanzar un punto de no retorno.<\/p>\n<p><strong>Premios<\/strong><br \/>\n2022: 70\u00ba Festival de San Sebasti\u00e1n: Premio del P\u00fablico &#8211; Mejor film europeo<br \/>\n2022: 35\u00ba Festival Internacional de Tokyo: Mejor pel\u00edcula. Mejor director (Rodrigo Sorogoyen). Mejor actor (Denis M\u00e9nochet)<br \/>\n2023: 37 Premios Goya: Mejor pel\u00edcula. Mejor direcci\u00f3n (Rodrigo Sorogoyen). Mejor actor principal (Denis M\u00e9nochet). Mejor actor de reparto (Luis Zahera). Mejor gui\u00f3n original (Isabel Pe\u00f1a, Rodrigo Sorogoyen). Mejor fotograf\u00eda (\u00c1lex de Pablo). Mejor montaje (Alberto del Campo). Mejor m\u00fasica original (Olivier Arson). Mejor sonido (Aitor Berenguer, Fabiola Ordoyo, Yasmina Praderas)<br \/>\n2023: 48 Premios C\u00e9sar: Mejor film extranjero<br \/>\n2023: X Premios Platino del Cine Iberoamericano: Mejor direcci\u00f3n (Rodrigo Sorogoyen). Mejor actor de reparto (Luis Zahera). Mejor montaje (Alberto del Campo). Mejor sonido (Aitor Berenguer, Fabiola Ordoyo, Yasmina Praderas)<\/p>\n<p>ENTRADA GRATUITA<br \/>\nBoleter\u00eda abierta 30min antes de cada funci\u00f3n<\/p>\n<p>Sala climatizada<br \/>\nCine Lumi\u00e8re | V\u00e9lez Sarsfield 1027<\/p>\n","protected":false},"excerpt":{"rendered":"<p>Drama. Thriller | Espa\u00f1a | 2022 | 137 min. | R-13 Direcci\u00f3n: Rodrigo Sorogoyen Antoine y Olga son una pareja francesa que se instal\u00f3 hace tiempo en una aldea del interior de Galicia. All\u00ed llevan una vida tranquila, aunque su convivencia con los lugare\u00f1os no es tan id\u00edlica como desear\u00edan. Un conflicto con sus vecinos, [&hellip;]<\/p>\n","protected":false},"author":4,"featured_media":13436,"comment_status":"closed","ping_status":"closed","template":"","tags":[],"mec_category":[],"class_list":["post-13435","mec-events","type-mec-events","status-publish","has-post-thumbnail","hentry"],"yoast_head":"<!-- This site is optimized with the Yoast SEO plugin v28.4 - https:\/\/yoast.com\/product\/yoast-seo-wordpress\/ -->\n<title>As Bestas - Centro Cultural Cine Lumi\u00e8re<\/title>\n<meta name=\"robots\" content=\"index, follow, max-snippet:-1, max-image-preview:large, max-video-preview:-1\" \/>\n<link rel=\"canonical\" href=\"https:\/\/lumiererosario.gob.ar\/web\/agenda\/as-bestas\/\" \/>\n<meta property=\"og:locale\" content=\"es_ES\" \/>\n<meta property=\"og:type\" content=\"article\" \/>\n<meta property=\"og:title\" content=\"As Bestas - Centro Cultural Cine Lumi\u00e8re\" \/>\n<meta property=\"og:description\" content=\"Drama. Thriller | Espa\u00f1a | 2022 | 137 min. | R-13 Direcci\u00f3n: Rodrigo Sorogoyen Antoine y Olga son una pareja francesa que se instal\u00f3 hace tiempo en una aldea del interior de Galicia. All\u00ed llevan una vida tranquila, aunque su convivencia con los lugare\u00f1os no es tan id\u00edlica como desear\u00edan. Un conflicto con sus vecinos, [&hellip;]\" \/>\n<meta property=\"og:url\" content=\"https:\/\/lumiererosario.gob.ar\/web\/agenda\/as-bestas\/\" \/>\n<meta property=\"og:site_name\" content=\"Centro Cultural Cine Lumi\u00e8re\" \/>\n<meta property=\"article:publisher\" content=\"https:\/\/es-la.facebook.com\/CentroCulturalCineLumiere\/\" \/>\n<meta property=\"og:image\" content=\"https:\/\/lumiererosario.gob.ar\/web\/wp-content\/uploads\/2026\/08\/as-bestas.jpg\" \/>\n\t<meta property=\"og:image:width\" content=\"900\" \/>\n\t<meta property=\"og:image:height\" content=\"600\" \/>\n\t<meta property=\"og:image:type\" content=\"image\/jpeg\" \/>\n<meta name=\"twitter:label1\" content=\"Tiempo de lectura\" \/>\n\t<meta name=\"twitter:data1\" content=\"1 minuto\" \/>\n<script type=\"application\/ld+json\" class=\"yoast-schema-graph\">{\"@context\":\"https:\\\/\\\/schema.org\",\"@graph\":[{\"@type\":\"WebPage\",\"@id\":\"https:\\\/\\\/lumiererosario.gob.ar\\\/web\\\/agenda\\\/as-bestas\\\/\",\"url\":\"https:\\\/\\\/lumiererosario.gob.ar\\\/web\\\/agenda\\\/as-bestas\\\/\",\"name\":\"As Bestas - Centro Cultural Cine Lumi\u00e8re\",\"isPartOf\":{\"@id\":\"https:\\\/\\\/lumiererosario.gob.ar\\\/web\\\/#website\"},\"primaryImageOfPage\":{\"@id\":\"https:\\\/\\\/lumiererosario.gob.ar\\\/web\\\/agenda\\\/as-bestas\\\/#primaryimage\"},\"image\":{\"@id\":\"https:\\\/\\\/lumiererosario.gob.ar\\\/web\\\/agenda\\\/as-bestas\\\/#primaryimage\"},\"thumbnailUrl\":\"https:\\\/\\\/lumiererosario.gob.ar\\\/web\\\/wp-content\\\/uploads\\\/2026\\\/08\\\/as-bestas.jpg\",\"datePublished\":\"2026-08-31T15:04:20+00:00\",\"breadcrumb\":{\"@id\":\"https:\\\/\\\/lumiererosario.gob.ar\\\/web\\\/agenda\\\/as-bestas\\\/#breadcrumb\"},\"inLanguage\":\"es\",\"potentialAction\":[{\"@type\":\"ReadAction\",\"target\":[\"https:\\\/\\\/lumiererosario.gob.ar\\\/web\\\/agenda\\\/as-bestas\\\/\"]}]},{\"@type\":\"ImageObject\",\"inLanguage\":\"es\",\"@id\":\"https:\\\/\\\/lumiererosario.gob.ar\\\/web\\\/agenda\\\/as-bestas\\\/#primaryimage\",\"url\":\"https:\\\/\\\/lumiererosario.gob.ar\\\/web\\\/wp-content\\\/uploads\\\/2026\\\/08\\\/as-bestas.jpg\",\"contentUrl\":\"https:\\\/\\\/lumiererosario.gob.ar\\\/web\\\/wp-content\\\/uploads\\\/2026\\\/08\\\/as-bestas.jpg\",\"width\":900,\"height\":600},{\"@type\":\"BreadcrumbList\",\"@id\":\"https:\\\/\\\/lumiererosario.gob.ar\\\/web\\\/agenda\\\/as-bestas\\\/#breadcrumb\",\"itemListElement\":[{\"@type\":\"ListItem\",\"position\":1,\"name\":\"Portada\",\"item\":\"https:\\\/\\\/lumiererosario.gob.ar\\\/web\\\/\"},{\"@type\":\"ListItem\",\"position\":2,\"name\":\"As Bestas\"}]},{\"@type\":\"WebSite\",\"@id\":\"https:\\\/\\\/lumiererosario.gob.ar\\\/web\\\/#website\",\"url\":\"https:\\\/\\\/lumiererosario.gob.ar\\\/web\\\/\",\"name\":\"Centro Cultural Cine Lumi\u00e8re\",\"description\":\"Cine Lumi\u00e8re es el cine p\u00fablico de Municipalidad de Rosario\",\"publisher\":{\"@id\":\"https:\\\/\\\/lumiererosario.gob.ar\\\/web\\\/#organization\"},\"potentialAction\":[{\"@type\":\"SearchAction\",\"target\":{\"@type\":\"EntryPoint\",\"urlTemplate\":\"https:\\\/\\\/lumiererosario.gob.ar\\\/web\\\/?s={search_term_string}\"},\"query-input\":{\"@type\":\"PropertyValueSpecification\",\"valueRequired\":true,\"valueName\":\"search_term_string\"}}],\"inLanguage\":\"es\"},{\"@type\":\"Organization\",\"@id\":\"https:\\\/\\\/lumiererosario.gob.ar\\\/web\\\/#organization\",\"name\":\"Centro Cultural Cine Lumi\u00e8re\",\"url\":\"https:\\\/\\\/lumiererosario.gob.ar\\\/web\\\/\",\"logo\":{\"@type\":\"ImageObject\",\"inLanguage\":\"es\",\"@id\":\"https:\\\/\\\/lumiererosario.gob.ar\\\/web\\\/#\\\/schema\\\/logo\\\/image\\\/\",\"url\":\"https:\\\/\\\/lumiererosario.gob.ar\\\/web\\\/wp-content\\\/uploads\\\/2019\\\/10\\\/logo-lumiere.png\",\"contentUrl\":\"https:\\\/\\\/lumiererosario.gob.ar\\\/web\\\/wp-content\\\/uploads\\\/2019\\\/10\\\/logo-lumiere.png\",\"width\":350,\"height\":175,\"caption\":\"Centro Cultural Cine Lumi\u00e8re\"},\"image\":{\"@id\":\"https:\\\/\\\/lumiererosario.gob.ar\\\/web\\\/#\\\/schema\\\/logo\\\/image\\\/\"},\"sameAs\":[\"https:\\\/\\\/es-la.facebook.com\\\/CentroCulturalCineLumiere\\\/\",\"https:\\\/\\\/www.instagram.com\\\/cccinelumiere\\\/\",\"https:\\\/\\\/www.youtube.com\\\/channel\\\/UCuhG8G0hl5YdZz-j9xf2muQ\\\/videos\"]}]}<\/script>\n<!-- \/ Yoast SEO plugin. -->","yoast_head_json":{"title":"As Bestas - Centro Cultural Cine Lumi\u00e8re","robots":{"index":"index","follow":"follow","max-snippet":"max-snippet:-1","max-image-preview":"max-image-preview:large","max-video-preview":"max-video-preview:-1"},"canonical":"https:\/\/lumiererosario.gob.ar\/web\/agenda\/as-bestas\/","og_locale":"es_ES","og_type":"article","og_title":"As Bestas - Centro Cultural Cine Lumi\u00e8re","og_description":"Drama. Thriller | Espa\u00f1a | 2022 | 137 min. | R-13 Direcci\u00f3n: Rodrigo Sorogoyen Antoine y Olga son una pareja francesa que se instal\u00f3 hace tiempo en una aldea del interior de Galicia. All\u00ed llevan una vida tranquila, aunque su convivencia con los lugare\u00f1os no es tan id\u00edlica como desear\u00edan. Un conflicto con sus vecinos, [&hellip;]","og_url":"https:\/\/lumiererosario.gob.ar\/web\/agenda\/as-bestas\/","og_site_name":"Centro Cultural Cine Lumi\u00e8re","article_publisher":"https:\/\/es-la.facebook.com\/CentroCulturalCineLumiere\/","og_image":[{"width":900,"height":600,"url":"https:\/\/lumiererosario.gob.ar\/web\/wp-content\/uploads\/2026\/08\/as-bestas.jpg","type":"image\/jpeg"}],"twitter_misc":{"Tiempo de lectura":"1 minuto"},"schema":{"@context":"https:\/\/schema.org","@graph":[{"@type":"WebPage","@id":"https:\/\/lumiererosario.gob.ar\/web\/agenda\/as-bestas\/","url":"https:\/\/lumiererosario.gob.ar\/web\/agenda\/as-bestas\/","name":"As Bestas - Centro Cultural Cine Lumi\u00e8re","isPartOf":{"@id":"https:\/\/lumiererosario.gob.ar\/web\/#website"},"primaryImageOfPage":{"@id":"https:\/\/lumiererosario.gob.ar\/web\/agenda\/as-bestas\/#primaryimage"},"image":{"@id":"https:\/\/lumiererosario.gob.ar\/web\/agenda\/as-bestas\/#primaryimage"},"thumbnailUrl":"https:\/\/lumiererosario.gob.ar\/web\/wp-content\/uploads\/2026\/08\/as-bestas.jpg","datePublished":"2026-08-31T15:04:20+00:00","breadcrumb":{"@id":"https:\/\/lumiererosario.gob.ar\/web\/agenda\/as-bestas\/#breadcrumb"},"inLanguage":"es","potentialAction":[{"@type":"ReadAction","target":["https:\/\/lumiererosario.gob.ar\/web\/agenda\/as-bestas\/"]}]},{"@type":"ImageObject","inLanguage":"es","@id":"https:\/\/lumiererosario.gob.ar\/web\/agenda\/as-bestas\/#primaryimage","url":"https:\/\/lumiererosario.gob.ar\/web\/wp-content\/uploads\/2026\/08\/as-bestas.jpg","contentUrl":"https:\/\/lumiererosario.gob.ar\/web\/wp-content\/uploads\/2026\/08\/as-bestas.jpg","width":900,"height":600},{"@type":"BreadcrumbList","@id":"https:\/\/lumiererosario.gob.ar\/web\/agenda\/as-bestas\/#breadcrumb","itemListElement":[{"@type":"ListItem","position":1,"name":"Portada","item":"https:\/\/lumiererosario.gob.ar\/web\/"},{"@type":"ListItem","position":2,"name":"As Bestas"}]},{"@type":"WebSite","@id":"https:\/\/lumiererosario.gob.ar\/web\/#website","url":"https:\/\/lumiererosario.gob.ar\/web\/","name":"Centro Cultural Cine Lumi\u00e8re","description":"Cine Lumi\u00e8re es el cine p\u00fablico de Municipalidad de Rosario","publisher":{"@id":"https:\/\/lumiererosario.gob.ar\/web\/#organization"},"potentialAction":[{"@type":"SearchAction","target":{"@type":"EntryPoint","urlTemplate":"https:\/\/lumiererosario.gob.ar\/web\/?s={search_term_string}"},"query-input":{"@type":"PropertyValueSpecification","valueRequired":true,"valueName":"search_term_string"}}],"inLanguage":"es"},{"@type":"Organization","@id":"https:\/\/lumiererosario.gob.ar\/web\/#organization","name":"Centro Cultural Cine Lumi\u00e8re","url":"https:\/\/lumiererosario.gob.ar\/web\/","logo":{"@type":"ImageObject","inLanguage":"es","@id":"https:\/\/lumiererosario.gob.ar\/web\/#\/schema\/logo\/image\/","url":"https:\/\/lumiererosario.gob.ar\/web\/wp-content\/uploads\/2019\/10\/logo-lumiere.png","contentUrl":"https:\/\/lumiererosario.gob.ar\/web\/wp-content\/uploads\/2019\/10\/logo-lumiere.png","width":350,"height":175,"caption":"Centro Cultural Cine Lumi\u00e8re"},"image":{"@id":"https:\/\/lumiererosario.gob.ar\/web\/#\/schema\/logo\/image\/"},"sameAs":["https:\/\/es-la.facebook.com\/CentroCulturalCineLumiere\/","https:\/\/www.instagram.com\/cccinelumiere\/","https:\/\/www.youtube.com\/channel\/UCuhG8G0hl5YdZz-j9xf2muQ\/videos"]}]}},"_links":{"self":[{"href":"https:\/\/lumiererosario.gob.ar\/web\/wp-json\/wp\/v2\/mec-events\/13435","targetHints":{"allow":["GET"]}}],"collection":[{"href":"https:\/\/lumiererosario.gob.ar\/web\/wp-json\/wp\/v2\/mec-events"}],"about":[{"href":"https:\/\/lumiererosario.gob.ar\/web\/wp-json\/wp\/v2\/types\/mec-events"}],"author":[{"embeddable":true,"href":"https:\/\/lumiererosario.gob.ar\/web\/wp-json\/wp\/v2\/users\/4"}],"replies":[{"embeddable":true,"href":"https:\/\/lumiererosario.gob.ar\/web\/wp-json\/wp\/v2\/comments?post=13435"}],"wp:featuredmedia":[{"embeddable":true,"href":"https:\/\/lumiererosario.gob.ar\/web\/wp-json\/wp\/v2\/media\/13436"}],"wp:attachment":[{"href":"https:\/\/lumiererosario.gob.ar\/web\/wp-json\/wp\/v2\/media?parent=13435"}],"wp:term":[{"taxonomy":"post_tag","embeddable":true,"href":"https:\/\/lumiererosario.gob.ar\/web\/wp-json\/wp\/v2\/tags?post=13435"},{"taxonomy":"mec_category","embeddable":true,"href":"https:\/\/lumiererosario.gob.ar\/web\/wp-json\/wp\/v2\/mec_category?post=13435"}],"curies":[{"name":"wp","href":"https:\/\/api.w.org\/{rel}","templated":true}]}}