{"id":12951,"date":"2026-04-24T10:03:41","date_gmt":"2026-04-24T13:03:41","guid":{"rendered":"https:\/\/lumiererosario.gob.ar\/web\/?post_type=mec-events&#038;p=12951"},"modified":"2026-04-24T10:03:41","modified_gmt":"2026-04-24T13:03:41","slug":"terror-en-vhs-9","status":"publish","type":"mec-events","link":"https:\/\/lumiererosario.gob.ar\/web\/agenda\/terror-en-vhs-9\/","title":{"rendered":"Terror en VHS"},"content":{"rendered":"<p>En Cine Lumi\u00e8re el \u00faltimo viernes presentamos 3 pel\u00edculas anal\u00f3gicas y no can\u00f3nicas de Terror en VHS.<br \/>\nEl p\u00fablico en sala vota qu\u00e9 pel\u00edcula se proyectar\u00e1 en pantalla grande desde la videocasetera.<\/p>\n<p>El VHS (Video Home System) fue un sistema dom\u00e9stico que permiti\u00f3 grabar y reproducir audio y video en el hogar, a trav\u00e9s de una cinta magn\u00e9tica.<br \/>\nEl formato se populariz\u00f3 en Argentina en los a\u00f1os \u201880 y \u201890, y dej\u00f3 sus huellas\u2026<\/p>\n<p>Ir al videoclub del barrio, recorrer sus estanter\u00edas y buscar una peli en videocasete cambi\u00f3 para siempre la forma de ver cine en casa.<br \/>\nTerror en VHS recupera aquella experiencia. Ven\u00ed al cine y dale play!<\/p>\n<p>ENTRADA GRATUITA (Boleter\u00eda abierta media hora antes de cada funci\u00f3n)<br \/>\nSala Climatizada | V\u00e9lez Sarsfield 1027<\/p>\n","protected":false},"excerpt":{"rendered":"<p>En Cine Lumi\u00e8re el \u00faltimo viernes presentamos 3 pel\u00edculas anal\u00f3gicas y no can\u00f3nicas de Terror en VHS. El p\u00fablico en sala vota qu\u00e9 pel\u00edcula se proyectar\u00e1 en pantalla grande desde la videocasetera. El VHS (Video Home System) fue un sistema dom\u00e9stico que permiti\u00f3 grabar y reproducir audio y video en el hogar, a trav\u00e9s de [&hellip;]<\/p>\n","protected":false},"author":4,"featured_media":12952,"comment_status":"closed","ping_status":"closed","template":"","tags":[],"mec_category":[],"class_list":["post-12951","mec-events","type-mec-events","status-publish","has-post-thumbnail","hentry"],"yoast_head":"<!-- This site is optimized with the Yoast SEO plugin v25.6 - https:\/\/yoast.com\/wordpress\/plugins\/seo\/ -->\n<title>Terror en VHS - Centro Cultural Cine Lumi\u00e8re<\/title>\n<meta name=\"robots\" content=\"index, follow, max-snippet:-1, max-image-preview:large, max-video-preview:-1\" \/>\n<link rel=\"canonical\" href=\"https:\/\/lumiererosario.gob.ar\/web\/agenda\/terror-en-vhs-9\/\" \/>\n<meta property=\"og:locale\" content=\"es_ES\" \/>\n<meta property=\"og:type\" content=\"article\" \/>\n<meta property=\"og:title\" content=\"Terror en VHS - Centro Cultural Cine Lumi\u00e8re\" \/>\n<meta property=\"og:description\" content=\"En Cine Lumi\u00e8re el \u00faltimo viernes presentamos 3 pel\u00edculas anal\u00f3gicas y no can\u00f3nicas de Terror en VHS. El p\u00fablico en sala vota qu\u00e9 pel\u00edcula se proyectar\u00e1 en pantalla grande desde la videocasetera. El VHS (Video Home System) fue un sistema dom\u00e9stico que permiti\u00f3 grabar y reproducir audio y video en el hogar, a trav\u00e9s de [&hellip;]\" \/>\n<meta property=\"og:url\" content=\"https:\/\/lumiererosario.gob.ar\/web\/agenda\/terror-en-vhs-9\/\" \/>\n<meta property=\"og:site_name\" content=\"Centro Cultural Cine Lumi\u00e8re\" \/>\n<meta property=\"article:publisher\" content=\"https:\/\/es-la.facebook.com\/CentroCulturalCineLumiere\/\" \/>\n<meta property=\"og:image\" content=\"https:\/\/lumiererosario.gob.ar\/web\/wp-content\/uploads\/2026\/04\/terror-en-vhs-01.jpg\" \/>\n\t<meta property=\"og:image:width\" content=\"900\" \/>\n\t<meta property=\"og:image:height\" content=\"600\" \/>\n\t<meta property=\"og:image:type\" content=\"image\/jpeg\" \/>\n<meta name=\"twitter:label1\" content=\"Tiempo de lectura\" \/>\n\t<meta name=\"twitter:data1\" content=\"1 minuto\" \/>\n<script type=\"application\/ld+json\" class=\"yoast-schema-graph\">{\"@context\":\"https:\/\/schema.org\",\"@graph\":[{\"@type\":\"WebPage\",\"@id\":\"https:\/\/lumiererosario.gob.ar\/web\/agenda\/terror-en-vhs-9\/\",\"url\":\"https:\/\/lumiererosario.gob.ar\/web\/agenda\/terror-en-vhs-9\/\",\"name\":\"Terror en VHS - Centro Cultural Cine Lumi\u00e8re\",\"isPartOf\":{\"@id\":\"https:\/\/lumiererosario.gob.ar\/web\/#website\"},\"primaryImageOfPage\":{\"@id\":\"https:\/\/lumiererosario.gob.ar\/web\/agenda\/terror-en-vhs-9\/#primaryimage\"},\"image\":{\"@id\":\"https:\/\/lumiererosario.gob.ar\/web\/agenda\/terror-en-vhs-9\/#primaryimage\"},\"thumbnailUrl\":\"https:\/\/lumiererosario.gob.ar\/web\/wp-content\/uploads\/2026\/04\/terror-en-vhs-01.jpg\",\"datePublished\":\"2026-04-24T13:03:41+00:00\",\"breadcrumb\":{\"@id\":\"https:\/\/lumiererosario.gob.ar\/web\/agenda\/terror-en-vhs-9\/#breadcrumb\"},\"inLanguage\":\"es\",\"potentialAction\":[{\"@type\":\"ReadAction\",\"target\":[\"https:\/\/lumiererosario.gob.ar\/web\/agenda\/terror-en-vhs-9\/\"]}]},{\"@type\":\"ImageObject\",\"inLanguage\":\"es\",\"@id\":\"https:\/\/lumiererosario.gob.ar\/web\/agenda\/terror-en-vhs-9\/#primaryimage\",\"url\":\"https:\/\/lumiererosario.gob.ar\/web\/wp-content\/uploads\/2026\/04\/terror-en-vhs-01.jpg\",\"contentUrl\":\"https:\/\/lumiererosario.gob.ar\/web\/wp-content\/uploads\/2026\/04\/terror-en-vhs-01.jpg\",\"width\":900,\"height\":600},{\"@type\":\"BreadcrumbList\",\"@id\":\"https:\/\/lumiererosario.gob.ar\/web\/agenda\/terror-en-vhs-9\/#breadcrumb\",\"itemListElement\":[{\"@type\":\"ListItem\",\"position\":1,\"name\":\"Portada\",\"item\":\"https:\/\/lumiererosario.gob.ar\/web\/\"},{\"@type\":\"ListItem\",\"position\":2,\"name\":\"Terror en VHS\"}]},{\"@type\":\"WebSite\",\"@id\":\"https:\/\/lumiererosario.gob.ar\/web\/#website\",\"url\":\"https:\/\/lumiererosario.gob.ar\/web\/\",\"name\":\"Centro Cultural Cine Lumi\u00e8re\",\"description\":\"Cine Lumi\u00e8re es el cine p\u00fablico de Municipalidad de Rosario\",\"publisher\":{\"@id\":\"https:\/\/lumiererosario.gob.ar\/web\/#organization\"},\"potentialAction\":[{\"@type\":\"SearchAction\",\"target\":{\"@type\":\"EntryPoint\",\"urlTemplate\":\"https:\/\/lumiererosario.gob.ar\/web\/?s={search_term_string}\"},\"query-input\":{\"@type\":\"PropertyValueSpecification\",\"valueRequired\":true,\"valueName\":\"search_term_string\"}}],\"inLanguage\":\"es\"},{\"@type\":\"Organization\",\"@id\":\"https:\/\/lumiererosario.gob.ar\/web\/#organization\",\"name\":\"Centro Cultural Cine Lumi\u00e8re\",\"url\":\"https:\/\/lumiererosario.gob.ar\/web\/\",\"logo\":{\"@type\":\"ImageObject\",\"inLanguage\":\"es\",\"@id\":\"https:\/\/lumiererosario.gob.ar\/web\/#\/schema\/logo\/image\/\",\"url\":\"https:\/\/lumiererosario.gob.ar\/web\/wp-content\/uploads\/2019\/10\/logo-lumiere.png\",\"contentUrl\":\"https:\/\/lumiererosario.gob.ar\/web\/wp-content\/uploads\/2019\/10\/logo-lumiere.png\",\"width\":350,\"height\":175,\"caption\":\"Centro Cultural Cine Lumi\u00e8re\"},\"image\":{\"@id\":\"https:\/\/lumiererosario.gob.ar\/web\/#\/schema\/logo\/image\/\"},\"sameAs\":[\"https:\/\/es-la.facebook.com\/CentroCulturalCineLumiere\/\",\"https:\/\/www.instagram.com\/cccinelumiere\/\",\"https:\/\/www.youtube.com\/channel\/UCuhG8G0hl5YdZz-j9xf2muQ\/videos\"]}]}<\/script>\n<!-- \/ Yoast SEO plugin. -->","yoast_head_json":{"title":"Terror en VHS - Centro Cultural Cine Lumi\u00e8re","robots":{"index":"index","follow":"follow","max-snippet":"max-snippet:-1","max-image-preview":"max-image-preview:large","max-video-preview":"max-video-preview:-1"},"canonical":"https:\/\/lumiererosario.gob.ar\/web\/agenda\/terror-en-vhs-9\/","og_locale":"es_ES","og_type":"article","og_title":"Terror en VHS - Centro Cultural Cine Lumi\u00e8re","og_description":"En Cine Lumi\u00e8re el \u00faltimo viernes presentamos 3 pel\u00edculas anal\u00f3gicas y no can\u00f3nicas de Terror en VHS. El p\u00fablico en sala vota qu\u00e9 pel\u00edcula se proyectar\u00e1 en pantalla grande desde la videocasetera. El VHS (Video Home System) fue un sistema dom\u00e9stico que permiti\u00f3 grabar y reproducir audio y video en el hogar, a trav\u00e9s de [&hellip;]","og_url":"https:\/\/lumiererosario.gob.ar\/web\/agenda\/terror-en-vhs-9\/","og_site_name":"Centro Cultural Cine Lumi\u00e8re","article_publisher":"https:\/\/es-la.facebook.com\/CentroCulturalCineLumiere\/","og_image":[{"width":900,"height":600,"url":"https:\/\/lumiererosario.gob.ar\/web\/wp-content\/uploads\/2026\/04\/terror-en-vhs-01.jpg","type":"image\/jpeg"}],"twitter_misc":{"Tiempo de lectura":"1 minuto"},"schema":{"@context":"https:\/\/schema.org","@graph":[{"@type":"WebPage","@id":"https:\/\/lumiererosario.gob.ar\/web\/agenda\/terror-en-vhs-9\/","url":"https:\/\/lumiererosario.gob.ar\/web\/agenda\/terror-en-vhs-9\/","name":"Terror en VHS - Centro Cultural Cine Lumi\u00e8re","isPartOf":{"@id":"https:\/\/lumiererosario.gob.ar\/web\/#website"},"primaryImageOfPage":{"@id":"https:\/\/lumiererosario.gob.ar\/web\/agenda\/terror-en-vhs-9\/#primaryimage"},"image":{"@id":"https:\/\/lumiererosario.gob.ar\/web\/agenda\/terror-en-vhs-9\/#primaryimage"},"thumbnailUrl":"https:\/\/lumiererosario.gob.ar\/web\/wp-content\/uploads\/2026\/04\/terror-en-vhs-01.jpg","datePublished":"2026-04-24T13:03:41+00:00","breadcrumb":{"@id":"https:\/\/lumiererosario.gob.ar\/web\/agenda\/terror-en-vhs-9\/#breadcrumb"},"inLanguage":"es","potentialAction":[{"@type":"ReadAction","target":["https:\/\/lumiererosario.gob.ar\/web\/agenda\/terror-en-vhs-9\/"]}]},{"@type":"ImageObject","inLanguage":"es","@id":"https:\/\/lumiererosario.gob.ar\/web\/agenda\/terror-en-vhs-9\/#primaryimage","url":"https:\/\/lumiererosario.gob.ar\/web\/wp-content\/uploads\/2026\/04\/terror-en-vhs-01.jpg","contentUrl":"https:\/\/lumiererosario.gob.ar\/web\/wp-content\/uploads\/2026\/04\/terror-en-vhs-01.jpg","width":900,"height":600},{"@type":"BreadcrumbList","@id":"https:\/\/lumiererosario.gob.ar\/web\/agenda\/terror-en-vhs-9\/#breadcrumb","itemListElement":[{"@type":"ListItem","position":1,"name":"Portada","item":"https:\/\/lumiererosario.gob.ar\/web\/"},{"@type":"ListItem","position":2,"name":"Terror en VHS"}]},{"@type":"WebSite","@id":"https:\/\/lumiererosario.gob.ar\/web\/#website","url":"https:\/\/lumiererosario.gob.ar\/web\/","name":"Centro Cultural Cine Lumi\u00e8re","description":"Cine Lumi\u00e8re es el cine p\u00fablico de Municipalidad de Rosario","publisher":{"@id":"https:\/\/lumiererosario.gob.ar\/web\/#organization"},"potentialAction":[{"@type":"SearchAction","target":{"@type":"EntryPoint","urlTemplate":"https:\/\/lumiererosario.gob.ar\/web\/?s={search_term_string}"},"query-input":{"@type":"PropertyValueSpecification","valueRequired":true,"valueName":"search_term_string"}}],"inLanguage":"es"},{"@type":"Organization","@id":"https:\/\/lumiererosario.gob.ar\/web\/#organization","name":"Centro Cultural Cine Lumi\u00e8re","url":"https:\/\/lumiererosario.gob.ar\/web\/","logo":{"@type":"ImageObject","inLanguage":"es","@id":"https:\/\/lumiererosario.gob.ar\/web\/#\/schema\/logo\/image\/","url":"https:\/\/lumiererosario.gob.ar\/web\/wp-content\/uploads\/2019\/10\/logo-lumiere.png","contentUrl":"https:\/\/lumiererosario.gob.ar\/web\/wp-content\/uploads\/2019\/10\/logo-lumiere.png","width":350,"height":175,"caption":"Centro Cultural Cine Lumi\u00e8re"},"image":{"@id":"https:\/\/lumiererosario.gob.ar\/web\/#\/schema\/logo\/image\/"},"sameAs":["https:\/\/es-la.facebook.com\/CentroCulturalCineLumiere\/","https:\/\/www.instagram.com\/cccinelumiere\/","https:\/\/www.youtube.com\/channel\/UCuhG8G0hl5YdZz-j9xf2muQ\/videos"]}]}},"_links":{"self":[{"href":"https:\/\/lumiererosario.gob.ar\/web\/wp-json\/wp\/v2\/mec-events\/12951"}],"collection":[{"href":"https:\/\/lumiererosario.gob.ar\/web\/wp-json\/wp\/v2\/mec-events"}],"about":[{"href":"https:\/\/lumiererosario.gob.ar\/web\/wp-json\/wp\/v2\/types\/mec-events"}],"author":[{"embeddable":true,"href":"https:\/\/lumiererosario.gob.ar\/web\/wp-json\/wp\/v2\/users\/4"}],"replies":[{"embeddable":true,"href":"https:\/\/lumiererosario.gob.ar\/web\/wp-json\/wp\/v2\/comments?post=12951"}],"wp:featuredmedia":[{"embeddable":true,"href":"https:\/\/lumiererosario.gob.ar\/web\/wp-json\/wp\/v2\/media\/12952"}],"wp:attachment":[{"href":"https:\/\/lumiererosario.gob.ar\/web\/wp-json\/wp\/v2\/media?parent=12951"}],"wp:term":[{"taxonomy":"post_tag","embeddable":true,"href":"https:\/\/lumiererosario.gob.ar\/web\/wp-json\/wp\/v2\/tags?post=12951"},{"taxonomy":"mec_category","embeddable":true,"href":"https:\/\/lumiererosario.gob.ar\/web\/wp-json\/wp\/v2\/mec_category?post=12951"}],"curies":[{"name":"wp","href":"https:\/\/api.w.org\/{rel}","templated":true}]}}