{"id":10896,"date":"2024-10-28T14:01:59","date_gmt":"2024-10-28T17:01:59","guid":{"rendered":"https:\/\/lumiererosario.gob.ar\/web\/?post_type=mec-events&#038;p=10896"},"modified":"2024-11-07T11:01:04","modified_gmt":"2024-11-07T14:01:04","slug":"dia-nacional-de-la-animacion-argentina-2","status":"publish","type":"mec-events","link":"https:\/\/lumiererosario.gob.ar\/web\/agenda\/dia-nacional-de-la-animacion-argentina-2\/","title":{"rendered":"D\u00eda Nacional de la Animaci\u00f3n Argentina"},"content":{"rendered":"<p><strong>Los mejores cortometrajes animados de los \u00faltimos dos a\u00f1os<\/strong><\/p>\n<p><em>El d\u00eda de la animaci\u00f3n argentina se celebra el 9 de noviembre, en homenaje al maestro Quirino Cristiani, director de \u201cEl Ap\u00f3stol\u201d, el primer largometraje animado de la historia. Su estreno, en 1917, fue un gran suceso cinematogr\u00e1fico y permaneci\u00f3 casi un a\u00f1o en cartel.<\/em><\/p>\n<p><strong> UN PERRO<\/strong><br \/>\nAnimaci\u00f3n | Argentina | Ciudad de Buenos Aires | 2024 | 8 min. | +13<br \/>\nDirecci\u00f3n: Juan Camardella<\/p>\n<p>Una noche en la ciudad de Buenos Aires de los a\u00f1os 60, un hombre realiza una entrevista de trabajo.<\/p>\n<p><strong> AMIGOS HASTA EL COSMOS<\/strong><br \/>\nAnimaci\u00f3n | Argentina | Rosario | 2023 | 3 min. 22 seg. | ATP<br \/>\nDirecci\u00f3n: Camila P\u00e9rez N\u00fa\u00f1ez<\/p>\n<p>Pandeko e Indo realizan un viaje espacial y por desperfectos en la nave aterrizan en un planeta enano aparentemente despoblado. Sin embargo, una peque\u00f1a extraterrestre querr\u00e1 entablar una amistad.<\/p>\n<p><strong>P\u00c1JARO<\/strong><br \/>\nAnimaci\u00f3n | Argentina | Neuqu\u00e9n | 2024 | 4 min. 8 seg. | +13<br \/>\nDirecci\u00f3n: Carlos Montoya<\/p>\n<p>Un hombre lleva piedras pesadas. En el cielo vuela un p\u00e1jaro.<\/p>\n<p><strong>UN REENCUENTRO POR LA PAZ<\/strong><br \/>\nAnimaci\u00f3n | Argentina | Rosario | 2023 | 2 min. | ATP<br \/>\nDirecci\u00f3n: Isabella Piola<\/p>\n<p>La leyenda de la \u201cGema de Hermes\u201d es una historia muy conocida entre los unicornios. Apolonia sol\u00eda cont\u00e1rsela a su hijo Phil a la hora de dormir. Sin saber que, una noche, la curiosidad vencer\u00eda al ni\u00f1o, y har\u00eda algo que tomar\u00eda a todos por sorpresa.<\/p>\n<p><strong>BAR LA MATANZA<\/strong><br \/>\nAnimaci\u00f3n | Argentina | Ciudad de Buenos Aires | 2023 | 6 min. 20 seg. | +13<br \/>\nDirecci\u00f3n: Bel\u00e9n Tagliabue<\/p>\n<p>Bar la Matanza es la historia de Suyana, una persona que se convirti\u00f3 en lo que los otros opinan sobre ella. Para cambiar su destino deber\u00e1 revelarse contra su propia imagen.<\/p>\n<p><strong>TRIPA DULCE<\/strong><br \/>\nAnimaci\u00f3n | Argentina | Rosario | 2024 | 7 min. | ATP<br \/>\nDirecci\u00f3n: Raquel Desy y Ozkar<\/p>\n<p>Un cerdo olvida qui\u00e9n es y corre para cambiar su destino. A trav\u00e9s de una aventura cargada de acci\u00f3n, dulce psicodelia y mucho humor negro, Rub\u00e9n y un grupo de personas lo vuelven a poner en el lugar para el que fue creado.<\/p>\n<p><strong>LOS MUNDOS DE RENI<\/strong><br \/>\nAnimaci\u00f3n | Argentina | Santa Fe | 2023 | 11 min. | ATP<br \/>\nDirecci\u00f3n: Claudia Ruiz<\/p>\n<p>Renato, un ni\u00f1o de 6 a\u00f1os al que le gusta dibujar, cantar y leer, pero no hacer deporte, encuentra -de la mano de una nueva amiga- un libro sobre la papiroflexia. Cuando abren el libro, una gran grulla sale y les pide ayuda para salvar a otras grullas enjauladas. Tras luchar con un tigre, cabalgar con un delf\u00edn, volar en globo aerost\u00e1tico llegan a un bosque donde liberan a una bandada de grullas que est\u00e1n prisioneras en una jaula de papel.<\/p>\n<p><strong>LOCRO<\/strong><br \/>\nAnimaci\u00f3n | Argentina | Rosario | 2024 | 1 min. 13 seg. | ATP<br \/>\nDirecci\u00f3n: Paulina Cesano y Elena Tarabelli<\/p>\n<p><strong>SALCHI CHOW<\/strong><br \/>\nAnimaci\u00f3n | Argentina | Rosario | 2023 | 1 min. 47 seg. | ATP<br \/>\nDirecci\u00f3n: Joaqu\u00edn Brandi<\/p>\n<p>Valentino y su perro salchicha pasan un mal momento en la entrada de un boliche y toman venganza de una manera muy divertida.<\/p>\n<p><strong>AT\u00d3MICA<\/strong><br \/>\nAnimaci\u00f3n | Argentina | Salta | 2023 | 4 min. 8 seg. | ATP<br \/>\nDirecci\u00f3n: Sebasti\u00e1n Garc\u00eda, Facundo Quiroga, Juan Nadalino<\/p>\n<p>At\u00f3mica emprende un viaje para descubrir el origen del deterioro que afecta al gran \u00e1rbol en el que vive. Tras recorrer diversos paisajes de un mundo ficticio, encuentra a un grupo de seres, los antropomorfos, que est\u00e1n consumiendo salvajemente todo a su paso.<\/p>\n<p><strong>LA DUDA DEL M\u00c1S ALL\u00c1<\/strong><br \/>\nAnimaci\u00f3n | Argentina | Rosario | 2023 | 4 min. 7 seg. | ATP<br \/>\nDirecci\u00f3n: Mateo Rossit<\/p>\n<p>Tras su inesperada y desafortunada muerte, Nico se ver\u00e1 en el dilema de decidir qu\u00e9 hacer con su alma, siendo \u201corientado\u201d por distintas entidades.<\/p>\n<p><strong>FIA<\/strong><br \/>\nAnimaci\u00f3n | Argentina | C\u00f3rdoba | 2024 | 5 min. 47 seg. | +13<br \/>\nDirecci\u00f3n: Luciana Mart\u00ednez<\/p>\n<p>Un extra\u00f1o animal sobrevive a un incendio y camina por un bosque quemado buscando con desesperaci\u00f3n su hogar. Su nido est\u00e1 hecho cenizas. En medio de su dolor, descubre humedad en sus l\u00e1grimas, y emprende una b\u00fasqueda sensorial de algo vivo que alimentar.<\/p>\n<p><strong>RITUAL<\/strong><br \/>\nAnimaci\u00f3n | Argentina | Rosario | 2023 | 3 min. 15 seg. | +13<br \/>\nDirecci\u00f3n: In\u00e9s Labarrere Ventroni<\/p>\n<p>Los rituales neur\u00f3ticos de una chica la atrapan hasta el punto de impedirle llevar una vida normal. Pero lo que parec\u00eda ser solo una neurosis resultar\u00e1 ser lo que sostiene no solo su mundo, sino el de todos.<\/p>\n<p><strong>FITO<\/strong><br \/>\nAnimaci\u00f3n | Argentina | Ciudad de Buenos Aires | 2023 | 6 min | +13<br \/>\nDirecci\u00f3n: Carlos Farina<br \/>\nFito tiene una vida simple y rutinaria. Pero esa noche un suceso le revelar\u00e1 lo que \u00e9sta oculta.<\/p>\n<p>&nbsp;<\/p>\n<p>&nbsp;<\/p>\n<p>ENTRADA GRATUITA. Boleter\u00eda abierta desde media hora antes de la funci\u00f3n.<br \/>\nSALA CLIMATIZADA<\/p>\n<p>V\u00e9lez Sarsfield 1027<\/p>\n","protected":false},"excerpt":{"rendered":"<p>Los mejores cortometrajes animados de los \u00faltimos dos a\u00f1os El d\u00eda de la animaci\u00f3n argentina se celebra el 9 de noviembre, en homenaje al maestro Quirino Cristiani, director de \u201cEl Ap\u00f3stol\u201d, el primer largometraje animado de la historia. Su estreno, en 1917, fue un gran suceso cinematogr\u00e1fico y permaneci\u00f3 casi un a\u00f1o en cartel. UN [&hellip;]<\/p>\n","protected":false},"author":4,"featured_media":10898,"comment_status":"closed","ping_status":"closed","template":"","tags":[],"mec_category":[],"class_list":["post-10896","mec-events","type-mec-events","status-publish","has-post-thumbnail","hentry"],"yoast_head":"<!-- This site is optimized with the Yoast SEO plugin v25.6 - https:\/\/yoast.com\/wordpress\/plugins\/seo\/ -->\n<title>D\u00eda Nacional de la Animaci\u00f3n Argentina - Centro Cultural Cine Lumi\u00e8re<\/title>\n<meta name=\"robots\" content=\"index, follow, max-snippet:-1, max-image-preview:large, max-video-preview:-1\" \/>\n<link rel=\"canonical\" href=\"https:\/\/lumiererosario.gob.ar\/web\/agenda\/dia-nacional-de-la-animacion-argentina-2\/\" \/>\n<meta property=\"og:locale\" content=\"es_ES\" \/>\n<meta property=\"og:type\" content=\"article\" \/>\n<meta property=\"og:title\" content=\"D\u00eda Nacional de la Animaci\u00f3n Argentina - Centro Cultural Cine Lumi\u00e8re\" \/>\n<meta property=\"og:description\" content=\"Los mejores cortometrajes animados de los \u00faltimos dos a\u00f1os El d\u00eda de la animaci\u00f3n argentina se celebra el 9 de noviembre, en homenaje al maestro Quirino Cristiani, director de \u201cEl Ap\u00f3stol\u201d, el primer largometraje animado de la historia. Su estreno, en 1917, fue un gran suceso cinematogr\u00e1fico y permaneci\u00f3 casi un a\u00f1o en cartel. UN [&hellip;]\" \/>\n<meta property=\"og:url\" content=\"https:\/\/lumiererosario.gob.ar\/web\/agenda\/dia-nacional-de-la-animacion-argentina-2\/\" \/>\n<meta property=\"og:site_name\" content=\"Centro Cultural Cine Lumi\u00e8re\" \/>\n<meta property=\"article:publisher\" content=\"https:\/\/es-la.facebook.com\/CentroCulturalCineLumiere\/\" \/>\n<meta property=\"article:modified_time\" content=\"2024-11-07T14:01:04+00:00\" \/>\n<meta property=\"og:image\" content=\"https:\/\/lumiererosario.gob.ar\/web\/wp-content\/uploads\/2024\/10\/Fito_Still_01_web-scaled-1.jpg\" \/>\n\t<meta property=\"og:image:width\" content=\"2560\" \/>\n\t<meta property=\"og:image:height\" content=\"1440\" \/>\n\t<meta property=\"og:image:type\" content=\"image\/jpeg\" \/>\n<meta name=\"twitter:label1\" content=\"Tiempo de lectura\" \/>\n\t<meta name=\"twitter:data1\" content=\"4 minutos\" \/>\n<script type=\"application\/ld+json\" class=\"yoast-schema-graph\">{\"@context\":\"https:\/\/schema.org\",\"@graph\":[{\"@type\":\"WebPage\",\"@id\":\"https:\/\/lumiererosario.gob.ar\/web\/agenda\/dia-nacional-de-la-animacion-argentina-2\/\",\"url\":\"https:\/\/lumiererosario.gob.ar\/web\/agenda\/dia-nacional-de-la-animacion-argentina-2\/\",\"name\":\"D\u00eda Nacional de la Animaci\u00f3n Argentina - Centro Cultural Cine Lumi\u00e8re\",\"isPartOf\":{\"@id\":\"https:\/\/lumiererosario.gob.ar\/web\/#website\"},\"primaryImageOfPage\":{\"@id\":\"https:\/\/lumiererosario.gob.ar\/web\/agenda\/dia-nacional-de-la-animacion-argentina-2\/#primaryimage\"},\"image\":{\"@id\":\"https:\/\/lumiererosario.gob.ar\/web\/agenda\/dia-nacional-de-la-animacion-argentina-2\/#primaryimage\"},\"thumbnailUrl\":\"https:\/\/lumiererosario.gob.ar\/web\/wp-content\/uploads\/2024\/10\/Fito_Still_01_web-scaled-1.jpg\",\"datePublished\":\"2024-10-28T17:01:59+00:00\",\"dateModified\":\"2024-11-07T14:01:04+00:00\",\"breadcrumb\":{\"@id\":\"https:\/\/lumiererosario.gob.ar\/web\/agenda\/dia-nacional-de-la-animacion-argentina-2\/#breadcrumb\"},\"inLanguage\":\"es\",\"potentialAction\":[{\"@type\":\"ReadAction\",\"target\":[\"https:\/\/lumiererosario.gob.ar\/web\/agenda\/dia-nacional-de-la-animacion-argentina-2\/\"]}]},{\"@type\":\"ImageObject\",\"inLanguage\":\"es\",\"@id\":\"https:\/\/lumiererosario.gob.ar\/web\/agenda\/dia-nacional-de-la-animacion-argentina-2\/#primaryimage\",\"url\":\"https:\/\/lumiererosario.gob.ar\/web\/wp-content\/uploads\/2024\/10\/Fito_Still_01_web-scaled-1.jpg\",\"contentUrl\":\"https:\/\/lumiererosario.gob.ar\/web\/wp-content\/uploads\/2024\/10\/Fito_Still_01_web-scaled-1.jpg\",\"width\":2560,\"height\":1440},{\"@type\":\"BreadcrumbList\",\"@id\":\"https:\/\/lumiererosario.gob.ar\/web\/agenda\/dia-nacional-de-la-animacion-argentina-2\/#breadcrumb\",\"itemListElement\":[{\"@type\":\"ListItem\",\"position\":1,\"name\":\"Portada\",\"item\":\"https:\/\/lumiererosario.gob.ar\/web\/\"},{\"@type\":\"ListItem\",\"position\":2,\"name\":\"D\u00eda Nacional de la Animaci\u00f3n Argentina\"}]},{\"@type\":\"WebSite\",\"@id\":\"https:\/\/lumiererosario.gob.ar\/web\/#website\",\"url\":\"https:\/\/lumiererosario.gob.ar\/web\/\",\"name\":\"Centro Cultural Cine Lumi\u00e8re\",\"description\":\"Cine Lumi\u00e8re es el cine p\u00fablico de Municipalidad de Rosario\",\"publisher\":{\"@id\":\"https:\/\/lumiererosario.gob.ar\/web\/#organization\"},\"potentialAction\":[{\"@type\":\"SearchAction\",\"target\":{\"@type\":\"EntryPoint\",\"urlTemplate\":\"https:\/\/lumiererosario.gob.ar\/web\/?s={search_term_string}\"},\"query-input\":{\"@type\":\"PropertyValueSpecification\",\"valueRequired\":true,\"valueName\":\"search_term_string\"}}],\"inLanguage\":\"es\"},{\"@type\":\"Organization\",\"@id\":\"https:\/\/lumiererosario.gob.ar\/web\/#organization\",\"name\":\"Centro Cultural Cine Lumi\u00e8re\",\"url\":\"https:\/\/lumiererosario.gob.ar\/web\/\",\"logo\":{\"@type\":\"ImageObject\",\"inLanguage\":\"es\",\"@id\":\"https:\/\/lumiererosario.gob.ar\/web\/#\/schema\/logo\/image\/\",\"url\":\"https:\/\/lumiererosario.gob.ar\/web\/wp-content\/uploads\/2019\/10\/logo-lumiere.png\",\"contentUrl\":\"https:\/\/lumiererosario.gob.ar\/web\/wp-content\/uploads\/2019\/10\/logo-lumiere.png\",\"width\":350,\"height\":175,\"caption\":\"Centro Cultural Cine Lumi\u00e8re\"},\"image\":{\"@id\":\"https:\/\/lumiererosario.gob.ar\/web\/#\/schema\/logo\/image\/\"},\"sameAs\":[\"https:\/\/es-la.facebook.com\/CentroCulturalCineLumiere\/\",\"https:\/\/www.instagram.com\/cccinelumiere\/\",\"https:\/\/www.youtube.com\/channel\/UCuhG8G0hl5YdZz-j9xf2muQ\/videos\"]}]}<\/script>\n<!-- \/ Yoast SEO plugin. -->","yoast_head_json":{"title":"D\u00eda Nacional de la Animaci\u00f3n Argentina - Centro Cultural Cine Lumi\u00e8re","robots":{"index":"index","follow":"follow","max-snippet":"max-snippet:-1","max-image-preview":"max-image-preview:large","max-video-preview":"max-video-preview:-1"},"canonical":"https:\/\/lumiererosario.gob.ar\/web\/agenda\/dia-nacional-de-la-animacion-argentina-2\/","og_locale":"es_ES","og_type":"article","og_title":"D\u00eda Nacional de la Animaci\u00f3n Argentina - Centro Cultural Cine Lumi\u00e8re","og_description":"Los mejores cortometrajes animados de los \u00faltimos dos a\u00f1os El d\u00eda de la animaci\u00f3n argentina se celebra el 9 de noviembre, en homenaje al maestro Quirino Cristiani, director de \u201cEl Ap\u00f3stol\u201d, el primer largometraje animado de la historia. Su estreno, en 1917, fue un gran suceso cinematogr\u00e1fico y permaneci\u00f3 casi un a\u00f1o en cartel. UN [&hellip;]","og_url":"https:\/\/lumiererosario.gob.ar\/web\/agenda\/dia-nacional-de-la-animacion-argentina-2\/","og_site_name":"Centro Cultural Cine Lumi\u00e8re","article_publisher":"https:\/\/es-la.facebook.com\/CentroCulturalCineLumiere\/","article_modified_time":"2024-11-07T14:01:04+00:00","og_image":[{"width":2560,"height":1440,"url":"https:\/\/lumiererosario.gob.ar\/web\/wp-content\/uploads\/2024\/10\/Fito_Still_01_web-scaled-1.jpg","type":"image\/jpeg"}],"twitter_misc":{"Tiempo de lectura":"4 minutos"},"schema":{"@context":"https:\/\/schema.org","@graph":[{"@type":"WebPage","@id":"https:\/\/lumiererosario.gob.ar\/web\/agenda\/dia-nacional-de-la-animacion-argentina-2\/","url":"https:\/\/lumiererosario.gob.ar\/web\/agenda\/dia-nacional-de-la-animacion-argentina-2\/","name":"D\u00eda Nacional de la Animaci\u00f3n Argentina - Centro Cultural Cine Lumi\u00e8re","isPartOf":{"@id":"https:\/\/lumiererosario.gob.ar\/web\/#website"},"primaryImageOfPage":{"@id":"https:\/\/lumiererosario.gob.ar\/web\/agenda\/dia-nacional-de-la-animacion-argentina-2\/#primaryimage"},"image":{"@id":"https:\/\/lumiererosario.gob.ar\/web\/agenda\/dia-nacional-de-la-animacion-argentina-2\/#primaryimage"},"thumbnailUrl":"https:\/\/lumiererosario.gob.ar\/web\/wp-content\/uploads\/2024\/10\/Fito_Still_01_web-scaled-1.jpg","datePublished":"2024-10-28T17:01:59+00:00","dateModified":"2024-11-07T14:01:04+00:00","breadcrumb":{"@id":"https:\/\/lumiererosario.gob.ar\/web\/agenda\/dia-nacional-de-la-animacion-argentina-2\/#breadcrumb"},"inLanguage":"es","potentialAction":[{"@type":"ReadAction","target":["https:\/\/lumiererosario.gob.ar\/web\/agenda\/dia-nacional-de-la-animacion-argentina-2\/"]}]},{"@type":"ImageObject","inLanguage":"es","@id":"https:\/\/lumiererosario.gob.ar\/web\/agenda\/dia-nacional-de-la-animacion-argentina-2\/#primaryimage","url":"https:\/\/lumiererosario.gob.ar\/web\/wp-content\/uploads\/2024\/10\/Fito_Still_01_web-scaled-1.jpg","contentUrl":"https:\/\/lumiererosario.gob.ar\/web\/wp-content\/uploads\/2024\/10\/Fito_Still_01_web-scaled-1.jpg","width":2560,"height":1440},{"@type":"BreadcrumbList","@id":"https:\/\/lumiererosario.gob.ar\/web\/agenda\/dia-nacional-de-la-animacion-argentina-2\/#breadcrumb","itemListElement":[{"@type":"ListItem","position":1,"name":"Portada","item":"https:\/\/lumiererosario.gob.ar\/web\/"},{"@type":"ListItem","position":2,"name":"D\u00eda Nacional de la Animaci\u00f3n Argentina"}]},{"@type":"WebSite","@id":"https:\/\/lumiererosario.gob.ar\/web\/#website","url":"https:\/\/lumiererosario.gob.ar\/web\/","name":"Centro Cultural Cine Lumi\u00e8re","description":"Cine Lumi\u00e8re es el cine p\u00fablico de Municipalidad de Rosario","publisher":{"@id":"https:\/\/lumiererosario.gob.ar\/web\/#organization"},"potentialAction":[{"@type":"SearchAction","target":{"@type":"EntryPoint","urlTemplate":"https:\/\/lumiererosario.gob.ar\/web\/?s={search_term_string}"},"query-input":{"@type":"PropertyValueSpecification","valueRequired":true,"valueName":"search_term_string"}}],"inLanguage":"es"},{"@type":"Organization","@id":"https:\/\/lumiererosario.gob.ar\/web\/#organization","name":"Centro Cultural Cine Lumi\u00e8re","url":"https:\/\/lumiererosario.gob.ar\/web\/","logo":{"@type":"ImageObject","inLanguage":"es","@id":"https:\/\/lumiererosario.gob.ar\/web\/#\/schema\/logo\/image\/","url":"https:\/\/lumiererosario.gob.ar\/web\/wp-content\/uploads\/2019\/10\/logo-lumiere.png","contentUrl":"https:\/\/lumiererosario.gob.ar\/web\/wp-content\/uploads\/2019\/10\/logo-lumiere.png","width":350,"height":175,"caption":"Centro Cultural Cine Lumi\u00e8re"},"image":{"@id":"https:\/\/lumiererosario.gob.ar\/web\/#\/schema\/logo\/image\/"},"sameAs":["https:\/\/es-la.facebook.com\/CentroCulturalCineLumiere\/","https:\/\/www.instagram.com\/cccinelumiere\/","https:\/\/www.youtube.com\/channel\/UCuhG8G0hl5YdZz-j9xf2muQ\/videos"]}]}},"_links":{"self":[{"href":"https:\/\/lumiererosario.gob.ar\/web\/wp-json\/wp\/v2\/mec-events\/10896"}],"collection":[{"href":"https:\/\/lumiererosario.gob.ar\/web\/wp-json\/wp\/v2\/mec-events"}],"about":[{"href":"https:\/\/lumiererosario.gob.ar\/web\/wp-json\/wp\/v2\/types\/mec-events"}],"author":[{"embeddable":true,"href":"https:\/\/lumiererosario.gob.ar\/web\/wp-json\/wp\/v2\/users\/4"}],"replies":[{"embeddable":true,"href":"https:\/\/lumiererosario.gob.ar\/web\/wp-json\/wp\/v2\/comments?post=10896"}],"wp:featuredmedia":[{"embeddable":true,"href":"https:\/\/lumiererosario.gob.ar\/web\/wp-json\/wp\/v2\/media\/10898"}],"wp:attachment":[{"href":"https:\/\/lumiererosario.gob.ar\/web\/wp-json\/wp\/v2\/media?parent=10896"}],"wp:term":[{"taxonomy":"post_tag","embeddable":true,"href":"https:\/\/lumiererosario.gob.ar\/web\/wp-json\/wp\/v2\/tags?post=10896"},{"taxonomy":"mec_category","embeddable":true,"href":"https:\/\/lumiererosario.gob.ar\/web\/wp-json\/wp\/v2\/mec_category?post=10896"}],"curies":[{"name":"wp","href":"https:\/\/api.w.org\/{rel}","templated":true}]}}